{"id":6679,"date":"2022-07-27T07:30:01","date_gmt":"2022-07-27T07:30:01","guid":{"rendered":"https:\/\/www.loka.si\/agenzia\/"},"modified":"2024-04-16T17:16:17","modified_gmt":"2024-04-16T17:16:17","slug":"agenzia","status":"publish","type":"page","link":"https:\/\/www.loka.si\/it\/agenzia\/","title":{"rendered":"Agenzia"},"content":{"rendered":"\n<div class=\"wp-block-group agencija is-layout-flow\">\n<div class=\"wp-block-cover is-light\" style=\"min-height:500px\"><span aria-hidden=\"true\" class=\"wp-block-cover__background has-background-dim-20 has-background-dim\"><\/span><img decoding=\"async\" loading=\"lazy\" width=\"1920\" height=\"600\" class=\"wp-block-cover__image-background wp-image-1775\" alt=\"\" src=\"https:\/\/www.loka.si\/wp-content\/uploads\/2022\/08\/slika-banner-1.jpg\" data-object-fit=\"cover\" srcset=\"https:\/\/www.loka.si\/wp-content\/uploads\/2022\/08\/slika-banner-1.jpg 1920w, https:\/\/www.loka.si\/wp-content\/uploads\/2022\/08\/slika-banner-1-300x94.jpg 300w, https:\/\/www.loka.si\/wp-content\/uploads\/2022\/08\/slika-banner-1-1024x320.jpg 1024w, https:\/\/www.loka.si\/wp-content\/uploads\/2022\/08\/slika-banner-1-768x240.jpg 768w, https:\/\/www.loka.si\/wp-content\/uploads\/2022\/08\/slika-banner-1-1536x480.jpg 1536w\" sizes=\"(max-width: 1920px) 100vw, 1920px\" \/><div class=\"wp-block-cover__inner-container\">\n<div class=\"wp-block-group container is-layout-flow\" style=\"padding-top:400px;padding-bottom:0px\">\n<p class=\"has-text-align-left has-white-color has-text-color has-link-color has-tiny-font-size wp-elements-22fd2317d8a42f3da10fb7d31f522819\"><a href=\"https:\/\/www.loka.si\/it\/\" data-type=\"page\" data-id=\"5\">Inizio<\/a> &gt; Agenzia<\/p>\n<\/div>\n<\/div><\/div>\n\n\n\n<div style=\"height:50px\" aria-hidden=\"true\" class=\"wp-block-spacer\"><\/div>\n\n\n\n<div class=\"wp-block-group container is-layout-flow\">\n<figure class=\"wp-block-image size-large is-resized\"><img decoding=\"async\" src=\"https:\/\/www.loka.si\/wp-content\/uploads\/2022\/09\/Agency-Loka-2021-2_logotip_ENG_horizontal_RGB_300dpi_positive_PRESS-1024x326.jpg\" alt=\"\" class=\"wp-image-6027\" width=\"425\" srcset=\"https:\/\/www.loka.si\/wp-content\/uploads\/2022\/09\/Agency-Loka-2021-2_logotip_ENG_horizontal_RGB_300dpi_positive_PRESS-1024x326.jpg 1024w, https:\/\/www.loka.si\/wp-content\/uploads\/2022\/09\/Agency-Loka-2021-2_logotip_ENG_horizontal_RGB_300dpi_positive_PRESS-300x96.jpg 300w, https:\/\/www.loka.si\/wp-content\/uploads\/2022\/09\/Agency-Loka-2021-2_logotip_ENG_horizontal_RGB_300dpi_positive_PRESS-768x245.jpg 768w, https:\/\/www.loka.si\/wp-content\/uploads\/2022\/09\/Agency-Loka-2021-2_logotip_ENG_horizontal_RGB_300dpi_positive_PRESS-1536x490.jpg 1536w, https:\/\/www.loka.si\/wp-content\/uploads\/2022\/09\/Agency-Loka-2021-2_logotip_ENG_horizontal_RGB_300dpi_positive_PRESS-2048x653.jpg 2048w\" sizes=\"(max-width: 1024px) 100vw, 1024px\" \/><\/figure>\n\n\n\n<div style=\"height:40px\" aria-hidden=\"true\" class=\"wp-block-spacer\"><\/div>\n\n\n\n<div class=\"wp-block-group alignleft page-header-text is-layout-constrained wp-container-2\" style=\"padding-left:175px\">\n<h2 class=\"wp-block-heading has-primary-color has-text-color\">AGENZIA<\/h2>\n\n\n\n<p style=\"line-height:1.4\">Godetevi le bellezze naturali della Slovenia e partite per viaggi avventurosi con l&#8217;agenzia di viaggi Loka. Organizziamo escursioni di uno o pi\u00f9 giorni nella zona di \u0160kofja Loka, in Slovenia e all&#8217;estero, con mezzi di trasporto e guide turistiche proprie.<\/p>\n\n\n\n<div style=\"height:50px\" aria-hidden=\"true\" class=\"wp-block-spacer\"><\/div>\n<\/div>\n\n\n\n<div class=\"wp-block-group alignleft page-header-text is-layout-constrained wp-container-3\" style=\"padding-left:175px\">\n<p style=\"font-style:normal;font-weight:700;line-height:1.4\">Acquisizione delle licenze della Camera Economica della Slovenia:<\/p>\n\n\n\n<p>Licenza per l&#8217;attivit\u00e0 di organizzazione turistica &#8211; n. 1105<br>Licenza per la vendita di articoli turistici &#8211; n. 1106<br>Licenza di guida turistica &#8211; M.Sc. Sa\u0161a Jereb Ko\u0161ir &#8211; n. 24<\/p>\n<\/div>\n<\/div>\n\n\n\n<div style=\"height:100px\" aria-hidden=\"true\" class=\"wp-block-spacer\"><\/div>\n\n\n\n<div class=\"wp-block-group background-pages is-layout-flow\">\n<div class=\"wp-block-cover is-light\"><span aria-hidden=\"true\" class=\"wp-block-cover__background has-white-background-color has-background-dim-70 has-background-dim\"><\/span><img decoding=\"async\" loading=\"lazy\" width=\"1011\" height=\"749\" class=\"wp-block-cover__image-background wp-image-4166\" alt=\"\" src=\"https:\/\/www.loka.si\/wp-content\/uploads\/2022\/08\/srcek-ikona-web.png\" data-object-fit=\"cover\" srcset=\"https:\/\/www.loka.si\/wp-content\/uploads\/2022\/08\/srcek-ikona-web.png 1011w, https:\/\/www.loka.si\/wp-content\/uploads\/2022\/08\/srcek-ikona-web-300x222.png 300w, https:\/\/www.loka.si\/wp-content\/uploads\/2022\/08\/srcek-ikona-web-768x569.png 768w\" sizes=\"(max-width: 1011px) 100vw, 1011px\" \/><div class=\"wp-block-cover__inner-container\">\n<div class=\"wp-block-group container page-media-cards is-layout-flow wp-container-50\">\n<h2 class=\"wp-block-heading has-primary-color has-text-color\">Organizzazione di tour ed escursioni in tutta la Slovenia<\/h2>\n\n\n\n<p class=\"has-primary-color has-text-color\">\u0160kofja Loka \u00e8 un ottimo punto di partenza per gite di un giorno in Slovenia, per cui consigliamo vivamente di visitare i seguenti luoghi:<\/p>\n\n\n\n<div style=\"height:50px\" aria-hidden=\"true\" class=\"wp-block-spacer\"><\/div>\n\n\n\n<div class=\"wp-block-columns justify-content-between is-layout-flex wp-container-23\">\n<div class=\"wp-block-column d-flex is-layout-flow\" style=\"flex-basis:33.33%\">\n<div class=\"wp-block-group agencija-card is-vertical is-content-justification-center is-layout-flex wp-container-9\" style=\"padding-top:20px\">\n<div class=\"wp-block-group image-wrapper is-layout-constrained wp-container-5\" style=\"padding-top:0px;padding-right:0px;padding-bottom:13px;padding-left:0px\">\n<figure class=\"wp-block-image size-full\"><img decoding=\"async\" loading=\"lazy\" width=\"640\" height=\"580\" src=\"https:\/\/www.loka.si\/wp-content\/uploads\/2022\/08\/izlet-ljubljana-WEBP.webp\" alt=\"\" class=\"wp-image-4517\" srcset=\"https:\/\/www.loka.si\/wp-content\/uploads\/2022\/08\/izlet-ljubljana-WEBP.webp 640w, https:\/\/www.loka.si\/wp-content\/uploads\/2022\/08\/izlet-ljubljana-WEBP-300x272.webp 300w\" sizes=\"(max-width: 640px) 100vw, 640px\" \/><\/figure>\n<\/div>\n\n\n\n<h3 class=\"wp-block-heading has-text-align-center has-primary-color has-text-color\">Ljubljana<\/h3>\n\n\n\n<div class=\"wp-block-group agencija-card-p is-layout-flow\" style=\"padding-right:50px;padding-left:50px\">\n<p class=\"has-text-align-center has-primary-color has-text-color\">\u0160kofja Loka &#8211; Ljubljana: 20 km<\/p>\n<\/div>\n\n\n\n<p class=\"has-text-align-center agencija-card-hidden has-primary-color has-text-color\" style=\"font-style:normal;font-weight:300\"><a href=\"https:\/\/www.visitljubljana.com\/it\/visitatori\/\" target=\"_blank\" rel=\"noreferrer noopener\"><strong>Ljubljana<\/strong><\/a> e la capitale della Slovenia. Ljubljana e una citta mitteleuropea che sorge tra le Alpi e l\u2019Adriatico, nella conca in cui confluiscono i fiumi Sava e Ljubljanica. Lubiana ha tutto quello che vantano le moderne capitali, ma e riuscita nello stesso tempo conservare un\u2019atmosfera cordiale e rilassata di una localita piccola che sa sorprendere.    <\/p>\n\n\n\n<div class=\"wp-block-group button-wrapper mt-auto is-layout-flow\" style=\"padding-top:13px;padding-right:0px;padding-bottom:0px;padding-left:0px\">\n<div class=\"wp-block-buttons is-content-justification-left is-layout-flex wp-container-7\">\n<div class=\"wp-block-button has-custom-font-size is-style-outline has-medium-font-size\"><a class=\"wp-block-button__link has-primary-color has-text-color wp-element-button\" style=\"border-radius:20px;padding-top:0px;padding-right:30px;padding-bottom:0px;padding-left:30px\"><strong>Altro<\/strong><\/a><\/div>\n<\/div>\n<\/div>\n<\/div>\n<\/div>\n\n\n\n<div class=\"wp-block-column d-flex is-layout-flow\" style=\"flex-basis:33.33%\">\n<div class=\"wp-block-group agencija-card is-vertical is-content-justification-center is-layout-flex wp-container-15\" style=\"padding-top:20px\">\n<div class=\"wp-block-group image-wrapper is-layout-constrained wp-container-11\" style=\"padding-top:0px;padding-right:0px;padding-bottom:13px;padding-left:0px\">\n<figure class=\"wp-block-image size-full\"><img decoding=\"async\" loading=\"lazy\" width=\"640\" height=\"580\" src=\"https:\/\/www.loka.si\/wp-content\/uploads\/2022\/08\/izlet-bled-WEBP.webp\" alt=\"\" class=\"wp-image-4502\" srcset=\"https:\/\/www.loka.si\/wp-content\/uploads\/2022\/08\/izlet-bled-WEBP.webp 640w, https:\/\/www.loka.si\/wp-content\/uploads\/2022\/08\/izlet-bled-WEBP-300x272.webp 300w\" sizes=\"(max-width: 640px) 100vw, 640px\" \/><\/figure>\n<\/div>\n\n\n\n<h3 class=\"wp-block-heading has-text-align-center has-primary-color has-text-color\">Bled e Bohinj<\/h3>\n\n\n\n<div class=\"wp-block-group agencija-card-p is-layout-flow\" style=\"padding-right:50px;padding-left:50px\">\n<p class=\"has-text-align-center has-primary-color has-text-color\">\u0160kofja Loka \u2013 Bled: 40km + Bohinj: 20km<\/p>\n<\/div>\n\n\n\n<p class=\"has-text-align-center agencija-card-hidden has-primary-color has-text-color\" style=\"font-style:normal;font-weight:300\">La Slovenia ha solo un&#8217;isola, ma \u00e8 pi\u00f9 attraente di molti arcipelaghi per la sua particolarit\u00e0. All&#8217;ombra di pittoresche montagne, regna al centro di un lago alpino. Con il suo fascino, \u00e8 da secoli un simbolo di questo luogo, dove gli ospiti di tutto il mondo amano tornare. Questo luogo, che esiste da un millennio, si chiama <a href=\"https:\/\/www.bled.si\/it\" target=\"_blank\" rel=\"noreferrer noopener\"><strong>Bled<\/strong><\/a>.    <br><strong><a href=\"https:\/\/www.bohinj.si\/en\/\" target=\"_blank\" rel=\"noreferrer noopener\">Bohinj<\/a><\/strong> \u00e8 una delle valli pi\u00f9 belle al centro delle Alpi Giulie, nel Parco Nazionale del Triglav. Magnifico panorama montano, splendido lago, verdi foreste, invitanti pascoli alpini e prati di montagna con le loro bellezze naturali e i loro monumenti storico-culturali, accoglienti villaggi e localit\u00e0 di villeggiatura. <\/p>\n\n\n\n<div class=\"wp-block-group button-wrapper mt-auto is-layout-flow\" style=\"padding-top:13px;padding-right:0px;padding-bottom:0px;padding-left:0px\">\n<div class=\"wp-block-buttons is-content-justification-left is-layout-flex wp-container-13\">\n<div class=\"wp-block-button has-custom-font-size is-style-outline has-medium-font-size\"><a class=\"wp-block-button__link has-primary-color has-text-color wp-element-button\" style=\"border-radius:20px;padding-top:0px;padding-right:30px;padding-bottom:0px;padding-left:30px\"><strong>Altro<\/strong><\/a><\/div>\n<\/div>\n<\/div>\n<\/div>\n<\/div>\n\n\n\n<div class=\"wp-block-column d-flex is-layout-flow\" style=\"flex-basis:33.33%\">\n<div class=\"wp-block-group agencija-card is-vertical is-content-justification-center is-layout-flex wp-container-21\" style=\"padding-top:20px\">\n<div class=\"wp-block-group image-wrapper is-layout-constrained wp-container-17\" style=\"padding-top:0px;padding-right:0px;padding-bottom:13px;padding-left:0px\">\n<figure class=\"wp-block-image size-full\"><img decoding=\"async\" loading=\"lazy\" width=\"640\" height=\"580\" src=\"https:\/\/www.loka.si\/wp-content\/uploads\/2022\/08\/izlet-triglavski-narodni-park-WEBP.webp\" alt=\"\" class=\"wp-image-4524\" srcset=\"https:\/\/www.loka.si\/wp-content\/uploads\/2022\/08\/izlet-triglavski-narodni-park-WEBP.webp 640w, https:\/\/www.loka.si\/wp-content\/uploads\/2022\/08\/izlet-triglavski-narodni-park-WEBP-300x272.webp 300w\" sizes=\"(max-width: 640px) 100vw, 640px\" \/><\/figure>\n<\/div>\n\n\n\n<h3 class=\"wp-block-heading has-text-align-center has-primary-color has-text-color\">Parco Nazionale del Triglav<\/h3>\n\n\n\n<div class=\"wp-block-group agencija-card-p is-layout-flow\" style=\"padding-right:50px;padding-left:50px\">\n<p class=\"has-text-align-center has-primary-color has-text-color\">\u0160kofja Loka \u2013 Kranjska Gora \u2013 Tolmin (Velle dell&#8217;Isonzo): 100 km<\/p>\n<\/div>\n\n\n\n<p class=\"has-text-align-center agencija-card-hidden triglav has-primary-color has-text-color\" style=\"font-style:normal;font-weight:300\">E l\u2019unico parco nazionale sloveno veramente impressionante e percio degno di un trattamento particolare. Il parco naturale delle Alpi Giulie nel nordovest della Slovenia deve il proprio nome alla vetta slovena piu alta, il Triglav (2.864 metri). Sul movimentato terreno carsico di montagna, con pittoresche vette delle montagne e valli, si trovano numerose curiosita naturali e culturali e moltissime opportunita per le attivita nella natura.  <br><a href=\"https:\/\/kranjska-gora.si\/it\/\" target=\"_blank\" rel=\"noreferrer noopener\"><strong>Kranjska Gora<\/strong><\/a> e divenuta un importante centro di sport invernali, noto sopratutto per le gare di sci, valevoli per la Coppa del mondo. <br><a href=\"https:\/\/www.soca-valley.com\/it\/\" target=\"_blank\" rel=\"noreferrer noopener\"><strong>L\u2019Isonzo<\/strong><\/a>, uno dei fiumi alpini meglio conservati, con suoi riflessi color verde smeraldo, scrive da secoli storie singolari: sull\u2019Auricorno e sul fiore miracoloso della montagna piu alta della Slovenia, sui pastori e sugli alpeggi nelle montagne, sullo straordinario patrimonio naturale, sulle saghe famigliari e sulla gente tenace e ospitale. Qui si sono conservate le memorie della terribile guerra, che a suo modo ha caratterizzato la natura paradisiaca.  <\/p>\n\n\n\n<div class=\"wp-block-group button-wrapper mt-auto is-layout-flow\" style=\"padding-top:13px;padding-right:0px;padding-bottom:0px;padding-left:0px\">\n<div class=\"wp-block-buttons is-content-justification-left is-layout-flex wp-container-19\">\n<div class=\"wp-block-button has-custom-font-size is-style-outline has-medium-font-size\"><a class=\"wp-block-button__link has-primary-color has-text-color wp-element-button\" style=\"border-radius:20px;padding-top:0px;padding-right:30px;padding-bottom:0px;padding-left:30px\"><strong>Altro<\/strong><\/a><\/div>\n<\/div>\n<\/div>\n<\/div>\n<\/div>\n<\/div>\n\n\n\n<div class=\"wp-block-columns justify-content-between is-layout-flex wp-container-42\">\n<div class=\"wp-block-column d-flex is-layout-flow\" style=\"flex-basis:33.33%\">\n<div class=\"wp-block-group agencija-card is-vertical is-content-justification-center is-layout-flex wp-container-28\" style=\"padding-top:20px\">\n<div class=\"wp-block-group image-wrapper is-layout-constrained wp-container-24\" style=\"padding-top:0px;padding-right:0px;padding-bottom:13px;padding-left:0px\">\n<figure class=\"wp-block-image size-full\"><img decoding=\"async\" loading=\"lazy\" width=\"640\" height=\"580\" src=\"https:\/\/www.loka.si\/wp-content\/uploads\/2022\/08\/izlet-lipica-WEBP.webp\" alt=\"\" class=\"wp-image-4509\" srcset=\"https:\/\/www.loka.si\/wp-content\/uploads\/2022\/08\/izlet-lipica-WEBP.webp 640w, https:\/\/www.loka.si\/wp-content\/uploads\/2022\/08\/izlet-lipica-WEBP-300x272.webp 300w\" sizes=\"(max-width: 640px) 100vw, 640px\" \/><\/figure>\n<\/div>\n\n\n\n<h3 class=\"wp-block-heading has-text-align-center has-primary-color has-text-color\">Grotte di Postumia &#8211; Lipica &#8211; Piran<\/h3>\n\n\n\n<div class=\"wp-block-group agencija-card-p is-layout-flow\" style=\"padding-right:50px;padding-left:50px\">\n<p class=\"has-text-align-center has-primary-color has-text-color\">\u0160kofja Loka \u2013 Postojna: 70 km + Piran: 75 km<\/p>\n<\/div>\n\n\n\n<p class=\"has-text-align-center agencija-card-hidden has-primary-color has-text-color\" style=\"font-style:normal;font-weight:300\"><a href=\"https:\/\/www.postojnska-jama.eu\/it\/\" target=\"_blank\" rel=\"noreferrer noopener\"><strong>Le Grotte di Postumia<\/strong><\/a> sono la grotta pi\u00f9 grande del Carso carsico e la grotta spettacolo pi\u00f9 visitata d&#8217;Europa, con una tradizione turistica di duecento anni. <br>La graziosit\u00e1, l\u2019eleganza e la perfezione sono le parole che in miglior modo descrivono d\u2019espressione motore di Lipizzani <a href=\"https:\/\/www.lipica.org\/it\/\" target=\"_blank\" rel=\"noreferrer noopener\"><strong>a Lipica<\/strong><\/a>. <br><a href=\"https:\/\/www.portoroz.si\/it\/home\" target=\"_blank\" rel=\"noreferrer noopener\"><strong>Pirano<\/strong><\/a> \u00e8 il monumento culturale cittadino meglio conservato dell&#8217;Istria slovena e il vicino pi\u00f9 prossimo alla citt\u00e0 alla moda di Portorose. L&#8217;immagine di Pirano \u00e8 riconoscibile in tutto il mondo. L&#8217;architettura della citt\u00e0 deve essere vista e vissuta.  <\/p>\n\n\n\n<div class=\"wp-block-group button-wrapper mt-auto is-layout-flow\" style=\"padding-top:13px;padding-right:0px;padding-bottom:0px;padding-left:0px\">\n<div class=\"wp-block-buttons is-content-justification-left is-layout-flex wp-container-26\">\n<div class=\"wp-block-button has-custom-font-size is-style-outline has-medium-font-size\"><a class=\"wp-block-button__link has-primary-color has-text-color wp-element-button\" style=\"border-radius:20px;padding-top:0px;padding-right:30px;padding-bottom:0px;padding-left:30px\"><strong>Altro<\/strong><\/a><\/div>\n<\/div>\n<\/div>\n<\/div>\n<\/div>\n\n\n\n<div class=\"wp-block-column d-flex is-layout-flow\" style=\"flex-basis:33.33%\">\n<div class=\"wp-block-group agencija-card is-vertical is-content-justification-center is-layout-flex wp-container-34\" style=\"padding-top:20px\">\n<div class=\"wp-block-group image-wrapper is-layout-constrained wp-container-30\" style=\"padding-top:0px;padding-right:0px;padding-bottom:13px;padding-left:0px\">\n<figure class=\"wp-block-image size-full\"><img decoding=\"async\" loading=\"lazy\" width=\"640\" height=\"580\" src=\"https:\/\/www.loka.si\/wp-content\/uploads\/2022\/08\/izlet-logarska-dolina-WEBP.webp\" alt=\"\" class=\"wp-image-4531\" srcset=\"https:\/\/www.loka.si\/wp-content\/uploads\/2022\/08\/izlet-logarska-dolina-WEBP.webp 640w, https:\/\/www.loka.si\/wp-content\/uploads\/2022\/08\/izlet-logarska-dolina-WEBP-300x272.webp 300w\" sizes=\"(max-width: 640px) 100vw, 640px\" \/><\/figure>\n<\/div>\n\n\n\n<h3 class=\"wp-block-heading has-text-align-center has-primary-color has-text-color\">Valle dei Logar<\/h3>\n\n\n\n<div class=\"wp-block-group agencija-card-p is-layout-flow\" style=\"padding-right:50px;padding-left:50px\">\n<p class=\"has-text-align-center has-primary-color has-text-color\">\u0160kofja Loka \u2013 Valle dei Logar: 75 km<\/p>\n<\/div>\n\n\n\n<p class=\"has-text-align-center agencija-card-hidden has-primary-color has-text-color\" style=\"font-style:normal;font-weight:300\">Il gioco della natura ha creato la <a href=\"https:\/\/www.logarska-dolina.si\/\" target=\"_blank\" rel=\"noreferrer noopener\"><strong>valle del Logar<\/strong><\/a> nel cuore delle Alpi della Savinja e l&#8217;ha circondata di cime alte pi\u00f9 di 2000 metri. Il paesaggio pittoresco con le sue numerose attrazioni naturali \u00e8 invitante in tutte le stagioni: In inverno \u00e8 possibile salire su una slitta trainata da cavalli, sorvolarla con un parapendio tandem, scalare cascate ghiacciate e un campo di allenamento artificiale o assistere a una gara.<\/p>\n\n\n\n<div class=\"wp-block-group button-wrapper mt-auto is-layout-flow\" style=\"padding-top:13px;padding-right:0px;padding-bottom:0px;padding-left:0px\">\n<div class=\"wp-block-buttons is-content-justification-left is-layout-flex wp-container-32\">\n<div class=\"wp-block-button has-custom-font-size is-style-outline has-medium-font-size\"><a class=\"wp-block-button__link has-primary-color has-text-color wp-element-button\" style=\"border-radius:20px;padding-top:0px;padding-right:30px;padding-bottom:0px;padding-left:30px\"><strong>Altro<\/strong><\/a><\/div>\n<\/div>\n<\/div>\n<\/div>\n<\/div>\n\n\n\n<div class=\"wp-block-column d-flex is-layout-flow\" style=\"flex-basis:33.33%\">\n<div class=\"wp-block-group agencija-card is-vertical is-content-justification-center is-layout-flex wp-container-40\" style=\"padding-top:20px\">\n<div class=\"wp-block-group image-wrapper is-layout-constrained wp-container-36\" style=\"padding-top:0px;padding-right:0px;padding-bottom:13px;padding-left:0px\">\n<figure class=\"wp-block-image size-full\"><img decoding=\"async\" loading=\"lazy\" width=\"640\" height=\"580\" src=\"https:\/\/www.loka.si\/wp-content\/uploads\/2022\/08\/izlet-velika-planina-WEBP.webp\" alt=\"\" class=\"wp-image-4538\" srcset=\"https:\/\/www.loka.si\/wp-content\/uploads\/2022\/08\/izlet-velika-planina-WEBP.webp 640w, https:\/\/www.loka.si\/wp-content\/uploads\/2022\/08\/izlet-velika-planina-WEBP-300x272.webp 300w\" sizes=\"(max-width: 640px) 100vw, 640px\" \/><\/figure>\n<\/div>\n\n\n\n<h3 class=\"wp-block-heading has-text-align-center has-primary-color has-text-color\">Kamnik &#8211; Velika planina &#8211; Kranj<\/h3>\n\n\n\n<div class=\"wp-block-group agencija-card-p is-layout-flow\" style=\"padding-right:50px;padding-left:50px\">\n<p class=\"has-text-align-center has-primary-color has-text-color\">\u0160kofja Loka \u2013 Kamnik: 26 km + Kranj: 26 km<\/p>\n<\/div>\n\n\n\n<p class=\"has-text-align-center agencija-card-hidden triglav has-primary-color has-text-color\" style=\"font-style:normal;font-weight:300\"><a href=\"https:\/\/visitkamnik.com\/it\" target=\"_blank\" rel=\"noreferrer noopener\"><strong>Kamnik<\/strong><\/a> \u00e8 una vivace cittadina medioevale circondata dalle Alpi di Kamnik e della Savinja. Vanta grandi spazi aperti, una ricca storia e tradizione, e nasconde molte leggende e tesori segreti.<strong><a href=\"http:\/\/www.velikaplanina.si\/it\/\" target=\"_blank\" rel=\"noreferrer noopener\">Velika planina<\/a><\/strong> e un altopiano di montagna, dove e uno dei meglio conservato insediamento pastorale in Slovenia. Ha un paesaggio variegato, con doline e conche carsiche. Sulla montagna e ancora vivo e la tradizione casearia pascolo (trni\u010di).  <br><a href=\"https:\/\/www.visitkranj.com\/it\" target=\"_blank\" rel=\"noreferrer noopener\"><strong>Kranj<\/strong><\/a> \u00e8 una pittoresca cittadina situata su un massiccio roccioso tra i fiumi montani Sava e Kokra. Il centro storico \u00e8 ricco di attrazioni culturali e storiche e per questo \u00e8 stato protetto come monumento culturale dal 1983. Anche grandi nomi sloveni hanno contribuito al mosaico dello sviluppo della citt\u00e0 attraverso le loro attivit\u00e0, tra cui spicca sicuramente France Pre\u0161eren.  <\/p>\n\n\n\n<div class=\"wp-block-group button-wrapper mt-auto is-layout-flow\" style=\"padding-top:13px;padding-right:0px;padding-bottom:0px;padding-left:0px\">\n<div class=\"wp-block-buttons is-content-justification-left is-layout-flex wp-container-38\">\n<div class=\"wp-block-button has-custom-font-size is-style-outline has-medium-font-size\"><a class=\"wp-block-button__link has-primary-color has-text-color wp-element-button\" style=\"border-radius:20px;padding-top:0px;padding-right:30px;padding-bottom:0px;padding-left:30px\"><strong>Altro<\/strong><\/a><\/div>\n<\/div>\n<\/div>\n<\/div>\n<\/div>\n<\/div>\n\n\n\n<div class=\"wp-block-columns justify-content-center is-layout-flex wp-container-49\">\n<div class=\"wp-block-column d-flex is-layout-flow\" style=\"flex-basis:29%\">\n<div class=\"wp-block-group agencija-card is-vertical is-content-justification-center is-layout-flex wp-container-47\" style=\"padding-top:20px\">\n<div class=\"wp-block-group image-wrapper is-layout-constrained wp-container-43\" style=\"padding-top:0px;padding-right:0px;padding-bottom:13px;padding-left:0px\">\n<figure class=\"wp-block-image size-full\"><img decoding=\"async\" loading=\"lazy\" width=\"640\" height=\"580\" src=\"https:\/\/www.loka.si\/wp-content\/uploads\/2022\/08\/izlet-ptuj-maribor-WEBP.webp\" alt=\"\" class=\"wp-image-4546\" srcset=\"https:\/\/www.loka.si\/wp-content\/uploads\/2022\/08\/izlet-ptuj-maribor-WEBP.webp 640w, https:\/\/www.loka.si\/wp-content\/uploads\/2022\/08\/izlet-ptuj-maribor-WEBP-300x272.webp 300w\" sizes=\"(max-width: 640px) 100vw, 640px\" \/><\/figure>\n<\/div>\n\n\n\n<h3 class=\"wp-block-heading has-text-align-center has-primary-color has-text-color\">Ptuj &#8211; Maribor<\/h3>\n\n\n\n<div class=\"wp-block-group agencija-card-p is-layout-flow\" style=\"padding-right:50px;padding-left:50px\">\n<p class=\"has-text-align-center has-primary-color has-text-color\">\u0160kofja Loka \u2013 Ptuj: 150 km + Maribor: 25 km<\/p>\n<\/div>\n\n\n\n<p class=\"has-text-align-center agencija-card-hidden triglav has-primary-color has-text-color\" style=\"font-style:normal;font-weight:300\"><strong><a href=\"https:\/\/www.ptuj.si\/\" target=\"_blank\" rel=\"noreferrer noopener\">P<\/a><a href=\"https:\/\/www.ptuj.si\/objava\/353173\" target=\"_blank\" rel=\"noreferrer noopener\">tu<\/a><a href=\"https:\/\/www.ptuj.si\/\" target=\"_blank\" rel=\"noreferrer noopener\">j<\/a><\/strong> \u00e8 una delle pi\u00f9 belle citt\u00e0 medievali, una citt\u00e0 con una ricca offerta culinaria, una citt\u00e0 con cantine e acque termali. <br><a href=\"https:\/\/www.visitmaribor.si\/it\/\" target=\"_blank\" rel=\"noreferrer noopener\"><strong>Maribor<\/strong><\/a> \u00e8 la seconda citt\u00e0 slovena per grandezza, che ha orgogliosamente detenuto il titolo di Capitale Europea della Cultura nel 2012. La citt\u00e0 \u00e8 adagiata lungo il fiume Drava, nell&#8217;abbraccio delle verdi foreste di Pohorje e delle pittoresche colline vinicole. <\/p>\n\n\n\n<div class=\"wp-block-group button-wrapper mt-auto is-layout-flow\" style=\"padding-top:13px;padding-right:0px;padding-bottom:0px;padding-left:0px\">\n<div class=\"wp-block-buttons is-content-justification-left is-layout-flex wp-container-45\">\n<div class=\"wp-block-button has-custom-font-size is-style-outline has-medium-font-size\"><a class=\"wp-block-button__link has-primary-color has-text-color wp-element-button\" style=\"border-radius:20px;padding-top:0px;padding-right:30px;padding-bottom:0px;padding-left:30px\"><strong>Altro<\/strong><\/a><\/div>\n<\/div>\n<\/div>\n<\/div>\n<\/div>\n<\/div>\n<\/div>\n\n\n\n<div style=\"height:100px\" aria-hidden=\"true\" class=\"wp-block-spacer\"><\/div>\n\n\n\n<div class=\"wp-block-group background-pages is-layout-flow wp-container-71\">\n<div class=\"wp-block-group container page-media-cards is-layout-flow\">\n<h2 class=\"wp-block-heading has-primary-color has-text-color\">Organizzazione di viaggi e trasferte all&#8217;estero<\/h2>\n\n\n\n<p class=\"has-primary-color has-text-color\">Organizziamo gite ed escursioni di un giorno e di pi\u00f9 giorni per gruppi chiusi. Ti consigliamo di visitare i seguenti luoghi incantevoli: <\/p>\n\n\n\n<div style=\"height:50px\" aria-hidden=\"true\" class=\"wp-block-spacer\"><\/div>\n\n\n\n<div class=\"wp-block-columns justify-content-between is-layout-flex wp-container-69\">\n<div class=\"wp-block-column d-flex is-layout-flow\" style=\"flex-basis:33.33%\">\n<div class=\"wp-block-group agencija-card is-vertical is-content-justification-center is-layout-flex wp-container-55\" style=\"padding-top:20px\">\n<div class=\"wp-block-group image-wrapper is-layout-constrained wp-container-51\" style=\"padding-top:0px;padding-right:0px;padding-bottom:13px;padding-left:0px\">\n<figure class=\"wp-block-image size-full\"><img decoding=\"async\" loading=\"lazy\" width=\"320\" height=\"290\" src=\"https:\/\/www.loka.si\/wp-content\/uploads\/2022\/08\/portugalska-resized-320x290-2.jpg\" alt=\"\" class=\"wp-image-4568\" srcset=\"https:\/\/www.loka.si\/wp-content\/uploads\/2022\/08\/portugalska-resized-320x290-2.jpg 320w, https:\/\/www.loka.si\/wp-content\/uploads\/2022\/08\/portugalska-resized-320x290-2-300x272.jpg 300w\" sizes=\"(max-width: 320px) 100vw, 320px\" \/><\/figure>\n<\/div>\n\n\n\n<h3 class=\"wp-block-heading has-text-align-center has-primary-color has-text-color\">Portogallo<\/h3>\n\n\n\n<div class=\"wp-block-group agencija-card-p is-layout-flow\" style=\"padding-right:50px;padding-left:50px\">\n<p class=\"has-text-align-center has-primary-color has-text-color\">il programma \u00e8 in fase di preparazione<\/p>\n<\/div>\n\n\n\n<div class=\"wp-block-group button-wrapper mt-auto is-layout-flow\" style=\"padding-top:13px;padding-right:0px;padding-bottom:0px;padding-left:0px\">\n<div class=\"wp-block-buttons is-content-justification-left is-layout-flex wp-container-53\">\n<div class=\"wp-block-button has-custom-font-size is-style-outline has-medium-font-size\"><a class=\"wp-block-button__link has-primary-color has-text-color wp-element-button\" style=\"border-radius:20px;padding-top:0px;padding-right:30px;padding-bottom:0px;padding-left:30px\"><strong>Altro<\/strong><\/a><\/div>\n<\/div>\n<\/div>\n<\/div>\n<\/div>\n\n\n\n<div class=\"wp-block-column d-flex is-layout-flow\" style=\"flex-basis:33.33%\">\n<div class=\"wp-block-group agencija-card is-vertical is-content-justification-center is-layout-flex wp-container-61\" style=\"padding-top:20px\">\n<div class=\"wp-block-group image-wrapper is-layout-constrained wp-container-57\" style=\"padding-top:0px;padding-right:0px;padding-bottom:13px;padding-left:0px\">\n<figure class=\"wp-block-image size-full\"><img decoding=\"async\" loading=\"lazy\" width=\"320\" height=\"290\" src=\"https:\/\/www.loka.si\/wp-content\/uploads\/2022\/08\/barcelona-resized-320x290-2.jpg\" alt=\"\" class=\"wp-image-4554\" srcset=\"https:\/\/www.loka.si\/wp-content\/uploads\/2022\/08\/barcelona-resized-320x290-2.jpg 320w, https:\/\/www.loka.si\/wp-content\/uploads\/2022\/08\/barcelona-resized-320x290-2-300x272.jpg 300w\" sizes=\"(max-width: 320px) 100vw, 320px\" \/><\/figure>\n<\/div>\n\n\n\n<h3 class=\"wp-block-heading has-text-align-center has-primary-color has-text-color\">Barcelona<\/h3>\n\n\n\n<div class=\"wp-block-group agencija-card-p is-layout-flow\" style=\"padding-right:50px;padding-left:50px\">\n<p class=\"has-text-align-center has-primary-color has-text-color\">il programma \u00e8 in fase di preparazione<\/p>\n<\/div>\n\n\n\n<div class=\"wp-block-group button-wrapper mt-auto is-layout-flow\" style=\"padding-top:13px;padding-right:0px;padding-bottom:0px;padding-left:0px\">\n<div class=\"wp-block-buttons is-content-justification-left is-layout-flex wp-container-59\">\n<div class=\"wp-block-button has-custom-font-size is-style-outline has-medium-font-size\"><a class=\"wp-block-button__link has-primary-color has-text-color wp-element-button\" style=\"border-radius:20px;padding-top:0px;padding-right:30px;padding-bottom:0px;padding-left:30px\"><strong>Altro<\/strong><\/a><\/div>\n<\/div>\n<\/div>\n<\/div>\n<\/div>\n\n\n\n<div class=\"wp-block-column d-flex is-layout-flow\" style=\"flex-basis:33.33%\">\n<div class=\"wp-block-group agencija-card is-vertical is-content-justification-center is-layout-flex wp-container-67\" style=\"padding-top:20px\">\n<div class=\"wp-block-group image-wrapper is-layout-constrained wp-container-63\" style=\"padding-top:0px;padding-right:0px;padding-bottom:13px;padding-left:0px\">\n<figure class=\"wp-block-image size-full\"><img decoding=\"async\" loading=\"lazy\" width=\"320\" height=\"290\" src=\"https:\/\/www.loka.si\/wp-content\/uploads\/2022\/08\/istanbul-resized-320x290-2.jpg\" alt=\"\" class=\"wp-image-4561\" srcset=\"https:\/\/www.loka.si\/wp-content\/uploads\/2022\/08\/istanbul-resized-320x290-2.jpg 320w, https:\/\/www.loka.si\/wp-content\/uploads\/2022\/08\/istanbul-resized-320x290-2-300x272.jpg 300w\" sizes=\"(max-width: 320px) 100vw, 320px\" \/><\/figure>\n<\/div>\n\n\n\n<h3 class=\"wp-block-heading has-text-align-center has-primary-color has-text-color\">Istanbul<\/h3>\n\n\n\n<div class=\"wp-block-group agencija-card-p is-layout-flow\" style=\"padding-right:50px;padding-left:50px\">\n<p class=\"has-text-align-center has-primary-color has-text-color\">il programma \u00e8 in fase di preparazione<\/p>\n<\/div>\n\n\n\n<div class=\"wp-block-group button-wrapper mt-auto is-layout-flow\" style=\"padding-top:13px;padding-right:0px;padding-bottom:0px;padding-left:0px\">\n<div class=\"wp-block-buttons is-content-justification-left is-layout-flex wp-container-65\">\n<div class=\"wp-block-button has-custom-font-size is-style-outline has-medium-font-size\"><a class=\"wp-block-button__link has-primary-color has-text-color wp-element-button\" style=\"border-radius:20px;padding-top:0px;padding-right:30px;padding-bottom:0px;padding-left:30px\"><strong>Altro<\/strong><\/a><\/div>\n<\/div>\n<\/div>\n<\/div>\n<\/div>\n<\/div>\n\n\n\n<div style=\"height:300px\" aria-hidden=\"true\" class=\"wp-block-spacer\"><\/div>\n<\/div>\n<\/div>\n<\/div><\/div>\n<\/div>\n\n\n\n<div class=\"wp-block-group container contact-form is-layout-constrained wp-container-74\">\n<div class=\"wp-block-group is-layout-flow\">\n<h2 class=\"wp-block-heading m-auto\">Compila il modulo e invia una richiesta di viaggio<\/h2>\n\n\n\n<div class=\"wpcf7 no-js\" id=\"wpcf7-f6694-o1\" lang=\"sl-SI\" dir=\"ltr\">\n<div class=\"screen-reader-response\"><p role=\"status\" aria-live=\"polite\" aria-atomic=\"true\"><\/p> <ul><\/ul><\/div>\n<form action=\"\/it\/wp-json\/wp\/v2\/pages\/6679#wpcf7-f6694-o1\" method=\"post\" class=\"wpcf7-form init\" aria-label=\"Contact form\" novalidate=\"novalidate\" data-status=\"init\">\n<div style=\"display: none;\">\n<input type=\"hidden\" name=\"_wpcf7\" value=\"6694\" \/>\n<input type=\"hidden\" name=\"_wpcf7_version\" value=\"5.7.6\" \/>\n<input type=\"hidden\" name=\"_wpcf7_locale\" value=\"sl_SI\" \/>\n<input type=\"hidden\" name=\"_wpcf7_unit_tag\" value=\"wpcf7-f6694-o1\" \/>\n<input type=\"hidden\" name=\"_wpcf7_container_post\" value=\"0\" \/>\n<input type=\"hidden\" name=\"_wpcf7_posted_data_hash\" value=\"\" \/>\n<\/div>\n<p><span class=\"wpcf7-form-control-wrap\" data-name=\"your-name\"><input size=\"40\" class=\"wpcf7-form-control wpcf7-text wpcf7-validates-as-required\" aria-required=\"true\" aria-invalid=\"false\" placeholder=\"Nome\" value=\"\" type=\"text\" name=\"your-name\" \/><\/span>\n<\/p>\n<p><span class=\"wpcf7-form-control-wrap\" data-name=\"your-surname\"><input size=\"40\" class=\"wpcf7-form-control wpcf7-text wpcf7-validates-as-required\" aria-required=\"true\" aria-invalid=\"false\" placeholder=\"Cognome\" value=\"\" type=\"text\" name=\"your-surname\" \/><\/span>\n<\/p>\n<p><span class=\"wpcf7-form-control-wrap\" data-name=\"address\"><input size=\"40\" class=\"wpcf7-form-control wpcf7-text wpcf7-validates-as-required\" aria-required=\"true\" aria-invalid=\"false\" placeholder=\"Indirizzo\" value=\"\" type=\"text\" name=\"address\" \/><\/span>\n<\/p>\n<div class=\"row\">\n\t<div class=\"col-sm-5 mb-3\">\n\t\t<p><span class=\"wpcf7-form-control-wrap\" data-name=\"post-number\"><input class=\"wpcf7-form-control wpcf7-number wpcf7-validates-as-required wpcf7-validates-as-number input-post-number\" aria-required=\"true\" aria-invalid=\"false\" placeholder=\"Codice postale\" value=\"\" type=\"number\" name=\"post-number\" \/><\/span>\n\t\t<\/p>\n\t<\/div>\n\t<div class=\"col-sm-7 mb-3\">\n\t\t<p><span class=\"wpcf7-form-control-wrap\" data-name=\"city\"><input size=\"40\" class=\"wpcf7-form-control wpcf7-text wpcf7-validates-as-required input-city\" aria-required=\"true\" aria-invalid=\"false\" placeholder=\"Citt\u00e0\" value=\"\" type=\"text\" name=\"city\" \/><\/span>\n\t\t<\/p>\n\t<\/div>\n<\/div>\n<p><span class=\"wpcf7-form-control-wrap\" data-name=\"email\"><input size=\"40\" class=\"wpcf7-form-control wpcf7-text wpcf7-email wpcf7-validates-as-required wpcf7-validates-as-email\" aria-required=\"true\" aria-invalid=\"false\" placeholder=\"E-mail\" value=\"\" type=\"email\" name=\"email\" \/><\/span>\n<\/p>\n<p><span class=\"wpcf7-form-control-wrap\" data-name=\"tel\"><input size=\"40\" class=\"wpcf7-form-control wpcf7-text wpcf7-tel wpcf7-validates-as-tel\" aria-invalid=\"false\" placeholder=\"Telefono\" value=\"\" type=\"tel\" name=\"tel\" \/><\/span>\n<\/p>\n<p><label class=\"mt-3\"> <span class=\"textarea-label\">Messaggio<\/span><br \/>\n<span class=\"wpcf7-form-control-wrap\" data-name=\"message\"><textarea cols=\"40\" rows=\"10\" class=\"wpcf7-form-control wpcf7-textarea wpcf7-validates-as-required\" aria-required=\"true\" aria-invalid=\"false\" name=\"message\"><\/textarea><\/span> <\/label>\n<\/p>\n<p><input class=\"wpcf7-form-control has-spinner wpcf7-submit\" type=\"submit\" value=\"Invia la richiesta\" \/>\n<\/p><div class=\"wpcf7-response-output\" aria-hidden=\"true\"><\/div>\n<\/form>\n<\/div>\n\n<\/div>\n<\/div>\n\n\n\n<div style=\"height:50px\" aria-hidden=\"true\" class=\"wp-block-spacer\"><\/div>\n\n\n\n<div style=\"height:0px\" aria-hidden=\"true\" class=\"wp-block-spacer\"><\/div>\n<\/div>\n","protected":false},"excerpt":{"rendered":"<p>AGENZIA Godetevi le bellezze naturali della Slovenia e partite per viaggi avventurosi con l&#8217;agenzia di viaggi Loka. Organizziamo escursioni di [&hellip;]<\/p>\n","protected":false},"author":1,"featured_media":0,"parent":0,"menu_order":0,"comment_status":"closed","ping_status":"closed","template":"","meta":{"_eb_attr":""},"yoast_head":"<!-- This site is optimized with the Yoast SEO plugin v20.8 - https:\/\/yoast.com\/wordpress\/plugins\/seo\/ -->\n<title>Agenzia - Turizem Loka<\/title>\n<meta name=\"robots\" content=\"index, follow, max-snippet:-1, max-image-preview:large, max-video-preview:-1\" \/>\n<link rel=\"canonical\" href=\"https:\/\/www.loka.si\/it\/agenzia\/\" \/>\n<meta property=\"og:locale\" content=\"it_IT\" \/>\n<meta property=\"og:type\" content=\"article\" \/>\n<meta property=\"og:title\" content=\"Agenzia - Turizem Loka\" \/>\n<meta property=\"og:description\" content=\"AGENZIA Godetevi le bellezze naturali della Slovenia e partite per viaggi avventurosi con l&#8217;agenzia di viaggi Loka. Organizziamo escursioni di [&hellip;]\" \/>\n<meta property=\"og:url\" content=\"https:\/\/www.loka.si\/it\/agenzia\/\" \/>\n<meta property=\"og:site_name\" content=\"Turizem Loka\" \/>\n<meta property=\"article:publisher\" content=\"https:\/\/www.facebook.com\/turizemloka\/\" \/>\n<meta property=\"article:modified_time\" content=\"2024-04-16T17:16:17+00:00\" \/>\n<meta property=\"og:image\" content=\"https:\/\/www.loka.si\/wp-content\/uploads\/2022\/08\/slika-banner-1.jpg\" \/>\n<meta name=\"twitter:card\" content=\"summary_large_image\" \/>\n<meta name=\"twitter:label1\" content=\"Tempo di lettura stimato\" \/>\n\t<meta name=\"twitter:data1\" content=\"8 minuti\" \/>\n<script type=\"application\/ld+json\" class=\"yoast-schema-graph\">{\"@context\":\"https:\/\/schema.org\",\"@graph\":[{\"@type\":\"WebPage\",\"@id\":\"https:\/\/www.loka.si\/it\/agenzia\/\",\"url\":\"https:\/\/www.loka.si\/it\/agenzia\/\",\"name\":\"Agenzia - Turizem Loka\",\"isPartOf\":{\"@id\":\"https:\/\/www.loka.si\/it\/#website\"},\"datePublished\":\"2022-07-27T07:30:01+00:00\",\"dateModified\":\"2024-04-16T17:16:17+00:00\",\"breadcrumb\":{\"@id\":\"https:\/\/www.loka.si\/it\/agenzia\/#breadcrumb\"},\"inLanguage\":\"it-IT\",\"potentialAction\":[{\"@type\":\"ReadAction\",\"target\":[\"https:\/\/www.loka.si\/it\/agenzia\/\"]}]},{\"@type\":\"BreadcrumbList\",\"@id\":\"https:\/\/www.loka.si\/it\/agenzia\/#breadcrumb\",\"itemListElement\":[{\"@type\":\"ListItem\",\"position\":1,\"name\":\"Home\",\"item\":\"https:\/\/www.loka.si\/it\/\"},{\"@type\":\"ListItem\",\"position\":2,\"name\":\"Agenzia\"}]},{\"@type\":\"WebSite\",\"@id\":\"https:\/\/www.loka.si\/it\/#website\",\"url\":\"https:\/\/www.loka.si\/it\/\",\"name\":\"Turizem Loka\",\"description\":\"\",\"publisher\":{\"@id\":\"https:\/\/www.loka.si\/it\/#organization\"},\"potentialAction\":[{\"@type\":\"SearchAction\",\"target\":{\"@type\":\"EntryPoint\",\"urlTemplate\":\"https:\/\/www.loka.si\/it\/?s={search_term_string}\"},\"query-input\":\"required name=search_term_string\"}],\"inLanguage\":\"it-IT\"},{\"@type\":\"Organization\",\"@id\":\"https:\/\/www.loka.si\/it\/#organization\",\"name\":\"Turizem Loka\",\"url\":\"https:\/\/www.loka.si\/it\/\",\"logo\":{\"@type\":\"ImageObject\",\"inLanguage\":\"it-IT\",\"@id\":\"https:\/\/www.loka.si\/it\/#\/schema\/logo\/image\/\",\"url\":\"https:\/\/www.loka.si\/wp-content\/uploads\/2022\/09\/Asset-1-2.webp\",\"contentUrl\":\"https:\/\/www.loka.si\/wp-content\/uploads\/2022\/09\/Asset-1-2.webp\",\"width\":500,\"height\":550,\"caption\":\"Turizem Loka\"},\"image\":{\"@id\":\"https:\/\/www.loka.si\/it\/#\/schema\/logo\/image\/\"},\"sameAs\":[\"https:\/\/www.facebook.com\/turizemloka\/\",\"https:\/\/www.instagram.com\/turizem_loka\/\"]}]}<\/script>\n<!-- \/ Yoast SEO plugin. -->","yoast_head_json":{"title":"Agenzia - Turizem Loka","robots":{"index":"index","follow":"follow","max-snippet":"max-snippet:-1","max-image-preview":"max-image-preview:large","max-video-preview":"max-video-preview:-1"},"canonical":"https:\/\/www.loka.si\/it\/agenzia\/","og_locale":"it_IT","og_type":"article","og_title":"Agenzia - Turizem Loka","og_description":"AGENZIA Godetevi le bellezze naturali della Slovenia e partite per viaggi avventurosi con l&#8217;agenzia di viaggi Loka. Organizziamo escursioni di [&hellip;]","og_url":"https:\/\/www.loka.si\/it\/agenzia\/","og_site_name":"Turizem Loka","article_publisher":"https:\/\/www.facebook.com\/turizemloka\/","article_modified_time":"2024-04-16T17:16:17+00:00","og_image":[{"url":"https:\/\/www.loka.si\/wp-content\/uploads\/2022\/08\/slika-banner-1.jpg"}],"twitter_card":"summary_large_image","twitter_misc":{"Tempo di lettura stimato":"8 minuti"},"schema":{"@context":"https:\/\/schema.org","@graph":[{"@type":"WebPage","@id":"https:\/\/www.loka.si\/it\/agenzia\/","url":"https:\/\/www.loka.si\/it\/agenzia\/","name":"Agenzia - Turizem Loka","isPartOf":{"@id":"https:\/\/www.loka.si\/it\/#website"},"datePublished":"2022-07-27T07:30:01+00:00","dateModified":"2024-04-16T17:16:17+00:00","breadcrumb":{"@id":"https:\/\/www.loka.si\/it\/agenzia\/#breadcrumb"},"inLanguage":"it-IT","potentialAction":[{"@type":"ReadAction","target":["https:\/\/www.loka.si\/it\/agenzia\/"]}]},{"@type":"BreadcrumbList","@id":"https:\/\/www.loka.si\/it\/agenzia\/#breadcrumb","itemListElement":[{"@type":"ListItem","position":1,"name":"Home","item":"https:\/\/www.loka.si\/it\/"},{"@type":"ListItem","position":2,"name":"Agenzia"}]},{"@type":"WebSite","@id":"https:\/\/www.loka.si\/it\/#website","url":"https:\/\/www.loka.si\/it\/","name":"Turizem Loka","description":"","publisher":{"@id":"https:\/\/www.loka.si\/it\/#organization"},"potentialAction":[{"@type":"SearchAction","target":{"@type":"EntryPoint","urlTemplate":"https:\/\/www.loka.si\/it\/?s={search_term_string}"},"query-input":"required name=search_term_string"}],"inLanguage":"it-IT"},{"@type":"Organization","@id":"https:\/\/www.loka.si\/it\/#organization","name":"Turizem Loka","url":"https:\/\/www.loka.si\/it\/","logo":{"@type":"ImageObject","inLanguage":"it-IT","@id":"https:\/\/www.loka.si\/it\/#\/schema\/logo\/image\/","url":"https:\/\/www.loka.si\/wp-content\/uploads\/2022\/09\/Asset-1-2.webp","contentUrl":"https:\/\/www.loka.si\/wp-content\/uploads\/2022\/09\/Asset-1-2.webp","width":500,"height":550,"caption":"Turizem Loka"},"image":{"@id":"https:\/\/www.loka.si\/it\/#\/schema\/logo\/image\/"},"sameAs":["https:\/\/www.facebook.com\/turizemloka\/","https:\/\/www.instagram.com\/turizem_loka\/"]}]}},"_links":{"self":[{"href":"https:\/\/www.loka.si\/it\/wp-json\/wp\/v2\/pages\/6679"}],"collection":[{"href":"https:\/\/www.loka.si\/it\/wp-json\/wp\/v2\/pages"}],"about":[{"href":"https:\/\/www.loka.si\/it\/wp-json\/wp\/v2\/types\/page"}],"author":[{"embeddable":true,"href":"https:\/\/www.loka.si\/it\/wp-json\/wp\/v2\/users\/1"}],"replies":[{"embeddable":true,"href":"https:\/\/www.loka.si\/it\/wp-json\/wp\/v2\/comments?post=6679"}],"version-history":[{"count":15,"href":"https:\/\/www.loka.si\/it\/wp-json\/wp\/v2\/pages\/6679\/revisions"}],"predecessor-version":[{"id":10820,"href":"https:\/\/www.loka.si\/it\/wp-json\/wp\/v2\/pages\/6679\/revisions\/10820"}],"wp:attachment":[{"href":"https:\/\/www.loka.si\/it\/wp-json\/wp\/v2\/media?parent=6679"}],"curies":[{"name":"wp","href":"https:\/\/api.w.org\/{rel}","templated":true}]}}