{"id":6803,"date":"2022-07-27T07:30:01","date_gmt":"2022-07-27T07:30:01","guid":{"rendered":"https:\/\/www.loka.si\/agencia\/"},"modified":"2024-04-16T17:15:40","modified_gmt":"2024-04-16T17:15:40","slug":"agencia","status":"publish","type":"page","link":"https:\/\/www.loka.si\/es\/agencia\/","title":{"rendered":"Agencia"},"content":{"rendered":"\n<div class=\"wp-block-group agencija is-layout-flow\">\n<div class=\"wp-block-cover is-light\" style=\"min-height:500px\"><span aria-hidden=\"true\" class=\"wp-block-cover__background has-background-dim-20 has-background-dim\"><\/span><img decoding=\"async\" loading=\"lazy\" width=\"1920\" height=\"600\" class=\"wp-block-cover__image-background wp-image-1775\" alt=\"\" src=\"https:\/\/www.loka.si\/wp-content\/uploads\/2022\/08\/slika-banner-1.jpg\" data-object-fit=\"cover\" srcset=\"https:\/\/www.loka.si\/wp-content\/uploads\/2022\/08\/slika-banner-1.jpg 1920w, https:\/\/www.loka.si\/wp-content\/uploads\/2022\/08\/slika-banner-1-300x94.jpg 300w, https:\/\/www.loka.si\/wp-content\/uploads\/2022\/08\/slika-banner-1-1024x320.jpg 1024w, https:\/\/www.loka.si\/wp-content\/uploads\/2022\/08\/slika-banner-1-768x240.jpg 768w, https:\/\/www.loka.si\/wp-content\/uploads\/2022\/08\/slika-banner-1-1536x480.jpg 1536w\" sizes=\"(max-width: 1920px) 100vw, 1920px\" \/><div class=\"wp-block-cover__inner-container\">\n<div class=\"wp-block-group container is-layout-flow\" style=\"padding-top:400px;padding-bottom:0px\">\n<p class=\"has-text-align-left has-white-color has-text-color has-link-color has-tiny-font-size wp-elements-79b6a5272a010d289a19b4291cdba967\"><a href=\"https:\/\/www.loka.si\/es\/\" data-type=\"page\" data-id=\"5\">Inicio<\/a> &gt; Agencia<\/p>\n<\/div>\n<\/div><\/div>\n\n\n\n<div style=\"height:50px\" aria-hidden=\"true\" class=\"wp-block-spacer\"><\/div>\n\n\n\n<div class=\"wp-block-group container is-layout-flow\">\n<figure class=\"wp-block-image size-large is-resized\"><img decoding=\"async\" src=\"https:\/\/www.loka.si\/wp-content\/uploads\/2022\/09\/Agency-Loka-2021-2_logotip_ENG_horizontal_RGB_300dpi_positive_PRESS-1024x326.jpg\" alt=\"\" class=\"wp-image-6029\" width=\"425\" srcset=\"https:\/\/www.loka.si\/wp-content\/uploads\/2022\/09\/Agency-Loka-2021-2_logotip_ENG_horizontal_RGB_300dpi_positive_PRESS-1024x326.jpg 1024w, https:\/\/www.loka.si\/wp-content\/uploads\/2022\/09\/Agency-Loka-2021-2_logotip_ENG_horizontal_RGB_300dpi_positive_PRESS-300x96.jpg 300w, https:\/\/www.loka.si\/wp-content\/uploads\/2022\/09\/Agency-Loka-2021-2_logotip_ENG_horizontal_RGB_300dpi_positive_PRESS-768x245.jpg 768w, https:\/\/www.loka.si\/wp-content\/uploads\/2022\/09\/Agency-Loka-2021-2_logotip_ENG_horizontal_RGB_300dpi_positive_PRESS-1536x490.jpg 1536w, https:\/\/www.loka.si\/wp-content\/uploads\/2022\/09\/Agency-Loka-2021-2_logotip_ENG_horizontal_RGB_300dpi_positive_PRESS-2048x653.jpg 2048w\" sizes=\"(max-width: 1024px) 100vw, 1024px\" \/><\/figure>\n\n\n\n<div style=\"height:40px\" aria-hidden=\"true\" class=\"wp-block-spacer\"><\/div>\n\n\n\n<div class=\"wp-block-group alignleft page-header-text is-layout-constrained wp-container-2\" style=\"padding-left:175px\">\n<h2 class=\"wp-block-heading has-primary-color has-text-color\">AGENCIA<\/h2>\n\n\n\n<p style=\"line-height:1.4\">Disfrute de la belleza natural de Eslovenia y realice viajes de aventura con la agencia de viajes Loka Organizamos excursiones de un d\u00eda o de varios d\u00edas en la zona de \u0160kofja Loka, en Eslovenia y en el extranjero, con transporte y gu\u00eda tur\u00edstico propios.<\/p>\n\n\n\n<div style=\"height:50px\" aria-hidden=\"true\" class=\"wp-block-spacer\"><\/div>\n<\/div>\n\n\n\n<div class=\"wp-block-group alignleft page-header-text is-layout-constrained wp-container-3\" style=\"padding-left:175px\">\n<p style=\"font-style:normal;font-weight:700;line-height:1.4\">Adquisici\u00f3n de licencias de la C\u00e1mara Econ\u00f3mica de Eslovenia<\/p>\n\n\n\n<p>Licencia para la actividad de organizaci\u00f3n tur\u00edstica &#8211; N\u00ba 1105<br>Licencia para la venta de art\u00edculos tur\u00edsticos &#8211; N\u00ba 1106<br>Licencia de gu\u00eda tur\u00edstico &#8211;  M.Sc. Sa\u0161a Jereb Ko\u0161ir &#8211; N\u00ba 24<\/p>\n<\/div>\n<\/div>\n\n\n\n<div style=\"height:100px\" aria-hidden=\"true\" class=\"wp-block-spacer\"><\/div>\n\n\n\n<div class=\"wp-block-group background-pages is-layout-flow\">\n<div class=\"wp-block-cover is-light\"><span aria-hidden=\"true\" class=\"wp-block-cover__background has-white-background-color has-background-dim-70 has-background-dim\"><\/span><img decoding=\"async\" loading=\"lazy\" width=\"1011\" height=\"749\" class=\"wp-block-cover__image-background wp-image-4166\" alt=\"\" src=\"https:\/\/www.loka.si\/wp-content\/uploads\/2022\/08\/srcek-ikona-web.png\" data-object-fit=\"cover\" srcset=\"https:\/\/www.loka.si\/wp-content\/uploads\/2022\/08\/srcek-ikona-web.png 1011w, https:\/\/www.loka.si\/wp-content\/uploads\/2022\/08\/srcek-ikona-web-300x222.png 300w, https:\/\/www.loka.si\/wp-content\/uploads\/2022\/08\/srcek-ikona-web-768x569.png 768w\" sizes=\"(max-width: 1011px) 100vw, 1011px\" \/><div class=\"wp-block-cover__inner-container\">\n<div class=\"wp-block-group container page-media-cards is-layout-flow wp-container-50\">\n<h2 class=\"wp-block-heading has-primary-color has-text-color\">Tours y excursiones en Eslovenia<\/h2>\n\n\n\n<p class=\"has-primary-color has-text-color\">\u0160kofja Loka es un excelente punto de partida para realizar excursiones de un d\u00eda por Eslovenia, por lo que recomendamos encarecidamente visitar los siguientes lugares:<\/p>\n\n\n\n<div style=\"height:50px\" aria-hidden=\"true\" class=\"wp-block-spacer\"><\/div>\n\n\n\n<div class=\"wp-block-columns justify-content-between is-layout-flex wp-container-23\">\n<div class=\"wp-block-column d-flex is-layout-flow\" style=\"flex-basis:33.33%\">\n<div class=\"wp-block-group agencija-card is-vertical is-content-justification-center is-layout-flex wp-container-9\" style=\"padding-top:20px\">\n<div class=\"wp-block-group image-wrapper is-layout-constrained wp-container-5\" style=\"padding-top:0px;padding-right:0px;padding-bottom:13px;padding-left:0px\">\n<figure class=\"wp-block-image size-full\"><img decoding=\"async\" loading=\"lazy\" width=\"640\" height=\"580\" src=\"https:\/\/www.loka.si\/wp-content\/uploads\/2022\/08\/izlet-ljubljana-WEBP.webp\" alt=\"\" class=\"wp-image-4517\" srcset=\"https:\/\/www.loka.si\/wp-content\/uploads\/2022\/08\/izlet-ljubljana-WEBP.webp 640w, https:\/\/www.loka.si\/wp-content\/uploads\/2022\/08\/izlet-ljubljana-WEBP-300x272.webp 300w\" sizes=\"(max-width: 640px) 100vw, 640px\" \/><\/figure>\n<\/div>\n\n\n\n<h3 class=\"wp-block-heading has-text-align-center has-primary-color has-text-color\">Ljubljana<\/h3>\n\n\n\n<div class=\"wp-block-group agencija-card-p is-layout-flow\" style=\"padding-right:50px;padding-left:50px\">\n<p class=\"has-text-align-center has-primary-color has-text-color\">\u0160kofja Loka &#8211; Ljubljana: 20 km<\/p>\n<\/div>\n\n\n\n<p class=\"has-text-align-center agencija-card-hidden has-primary-color has-text-color\" style=\"font-style:normal;font-weight:300\"><a href=\"https:\/\/www.visitljubljana.com\/en\/visitors\/\" target=\"_blank\" rel=\"noreferrer noopener\"><strong>Liubliana<\/strong><\/a> es la capital de la Rep\u00fablica de Eslovenia. Aunque Liubliana es una de las ciudades europeas de tama\u00f1o medio, conserva la amabilidad de un lugar m\u00e1s peque\u00f1o, pero tiene todo lo que tienen las grandes capitales. Liubliana es una ciudad muy original, llena de rincones pintorescos y acogedores donde se pueden vivir muchas peque\u00f1as sorpresas. Mientras que en invierno aflora el car\u00e1cter centroeuropeo de ensue\u00f1o de Liubliana, en verano la ciudad se caracteriza por la informalidad mediterr\u00e1nea.    <\/p>\n\n\n\n<div class=\"wp-block-group button-wrapper mt-auto is-layout-flow\" style=\"padding-top:13px;padding-right:0px;padding-bottom:0px;padding-left:0px\">\n<div class=\"wp-block-buttons is-content-justification-left is-layout-flex wp-container-7\">\n<div class=\"wp-block-button has-custom-font-size is-style-outline has-medium-font-size\"><a class=\"wp-block-button__link has-primary-color has-text-color wp-element-button\" style=\"border-radius:20px;padding-top:0px;padding-right:30px;padding-bottom:0px;padding-left:30px\"><strong>M\u00e1s<\/strong><\/a><\/div>\n<\/div>\n<\/div>\n<\/div>\n<\/div>\n\n\n\n<div class=\"wp-block-column d-flex is-layout-flow\" style=\"flex-basis:33.33%\">\n<div class=\"wp-block-group agencija-card is-vertical is-content-justification-center is-layout-flex wp-container-15\" style=\"padding-top:20px\">\n<div class=\"wp-block-group image-wrapper is-layout-constrained wp-container-11\" style=\"padding-top:0px;padding-right:0px;padding-bottom:13px;padding-left:0px\">\n<figure class=\"wp-block-image size-full\"><img decoding=\"async\" loading=\"lazy\" width=\"640\" height=\"580\" src=\"https:\/\/www.loka.si\/wp-content\/uploads\/2022\/08\/izlet-bled-WEBP.webp\" alt=\"\" class=\"wp-image-4502\" srcset=\"https:\/\/www.loka.si\/wp-content\/uploads\/2022\/08\/izlet-bled-WEBP.webp 640w, https:\/\/www.loka.si\/wp-content\/uploads\/2022\/08\/izlet-bled-WEBP-300x272.webp 300w\" sizes=\"(max-width: 640px) 100vw, 640px\" \/><\/figure>\n<\/div>\n\n\n\n<h3 class=\"wp-block-heading has-text-align-center has-primary-color has-text-color\">Bled y Bohinj<\/h3>\n\n\n\n<div class=\"wp-block-group agencija-card-p is-layout-flow\" style=\"padding-right:50px;padding-left:50px\">\n<p class=\"has-text-align-center has-primary-color has-text-color\">\u0160kofja Loka \u2013 Bled: 40km + Bohinj: 20km<\/p>\n<\/div>\n\n\n\n<p class=\"has-text-align-center agencija-card-hidden has-primary-color has-text-color\" style=\"font-style:normal;font-weight:300\">Eslovenia s\u00f3lo tiene una isla, pero es m\u00e1s atractiva que muchos archipi\u00e9lagos por su peculiaridad. A sotavento de las pintorescas monta\u00f1as, reina en medio de un lago alpino. Con su encanto, ha sido un s\u00edmbolo de este lugar durante siglos, al que les encanta volver a hu\u00e9spedes de todo el mundo. Este lugar, que existe desde hace un milenio, se llama <a href=\"https:\/\/www.bled.si\/en\" target=\"_blank\" rel=\"noreferrer noopener\"><strong> Bled<\/strong><\/a>.    <br><strong><a href=\"https:\/\/www.bohinj.si\/en\/\" target=\"_blank\" rel=\"noreferrer noopener\">Bohinj<\/a><\/strong> Bohinj es uno de los valles m\u00e1s hermosos en medio de los Alpes Julianos, en el Parque Nacional de Triglav. Magn\u00edfico panorama monta\u00f1oso, hermoso lago, verdes bosques, acogedores pastos alpinos y prados de monta\u00f1a con sus bellezas naturales y monumentos hist\u00f3rico-culturales, pueblos acogedores y centros de vacaciones. <\/p>\n\n\n\n<div class=\"wp-block-group button-wrapper mt-auto is-layout-flow\" style=\"padding-top:13px;padding-right:0px;padding-bottom:0px;padding-left:0px\">\n<div class=\"wp-block-buttons is-content-justification-left is-layout-flex wp-container-13\">\n<div class=\"wp-block-button has-custom-font-size is-style-outline has-medium-font-size\"><a class=\"wp-block-button__link has-primary-color has-text-color wp-element-button\" style=\"border-radius:20px;padding-top:0px;padding-right:30px;padding-bottom:0px;padding-left:30px\"><strong>M\u00e1s<\/strong><\/a><\/div>\n<\/div>\n<\/div>\n<\/div>\n<\/div>\n\n\n\n<div class=\"wp-block-column d-flex is-layout-flow\" style=\"flex-basis:33.33%\">\n<div class=\"wp-block-group agencija-card is-vertical is-content-justification-center is-layout-flex wp-container-21\" style=\"padding-top:20px\">\n<div class=\"wp-block-group image-wrapper is-layout-constrained wp-container-17\" style=\"padding-top:0px;padding-right:0px;padding-bottom:13px;padding-left:0px\">\n<figure class=\"wp-block-image size-full\"><img decoding=\"async\" loading=\"lazy\" width=\"640\" height=\"580\" src=\"https:\/\/www.loka.si\/wp-content\/uploads\/2022\/08\/izlet-triglavski-narodni-park-WEBP.webp\" alt=\"\" class=\"wp-image-4524\" srcset=\"https:\/\/www.loka.si\/wp-content\/uploads\/2022\/08\/izlet-triglavski-narodni-park-WEBP.webp 640w, https:\/\/www.loka.si\/wp-content\/uploads\/2022\/08\/izlet-triglavski-narodni-park-WEBP-300x272.webp 300w\" sizes=\"(max-width: 640px) 100vw, 640px\" \/><\/figure>\n<\/div>\n\n\n\n<h3 class=\"wp-block-heading has-text-align-center has-primary-color has-text-color\">Parque nacional de Triglav<\/h3>\n\n\n\n<div class=\"wp-block-group agencija-card-p is-layout-flow\" style=\"padding-right:50px;padding-left:50px\">\n<p class=\"has-text-align-center has-primary-color has-text-color\">\u0160kofja Loka \u2013 Kranjska Gora \u2013 Tolmin (Valle So\u010da: 100 km<\/p>\n<\/div>\n\n\n\n<p class=\"has-text-align-center agencija-card-hidden triglav has-primary-color has-text-color\" style=\"font-style:normal;font-weight:300\">Es el \u00fanico parque nacional esloveno realmente impresionante y, por lo tanto, merece un tratamiento especial. El Parque Natural de los Alpes Julianos, en el noroeste de Eslovenia, debe su nombre al pico m\u00e1s alto de Eslovenia, el Triglav (2.864 metros). En el escarpado terreno k\u00e1rstico, con pintorescos picos y valles, hay numerosos lugares de inter\u00e9s natural y cultural y oportunidades para realizar actividades en la naturaleza.  <br><a href=\"https:\/\/kranjska-gora.si\/en\/\" target=\"_blank\" rel=\"noreferrer noopener\"><strong>Kranjska Gora<\/strong><\/a> se ha convertido en un importante centro de deportes de invierno, m\u00e1s conocido por sus competiciones de esqu\u00ed, v\u00e1lidas para la Copa del Mundo. <br><a href=\"https:\/\/www.soca-valley.com\/en\/\" target=\"_blank\" rel=\"noreferrer noopener\"><strong>El So\u010da<\/strong><\/a> uno de los r\u00edos alpinos mejor conservados, con sus reflejos verde esmeralda, lleva siglos escribiendo historias: sobre el Auricornio y la flor milagrosa de la monta\u00f1a m\u00e1s alta de Eslovenia, sobre pastores y pastos de monta\u00f1a, sobre un patrimonio natural extraordinario, sobre sagas familiares y gentes hospitalarias. Los recuerdos de la terrible guerra, que a su manera caracteriz\u00f3 el para\u00edso de la naturaleza, se han conservado aqu\u00ed.  <\/p>\n\n\n\n<div class=\"wp-block-group button-wrapper mt-auto is-layout-flow\" style=\"padding-top:13px;padding-right:0px;padding-bottom:0px;padding-left:0px\">\n<div class=\"wp-block-buttons is-content-justification-left is-layout-flex wp-container-19\">\n<div class=\"wp-block-button has-custom-font-size is-style-outline has-medium-font-size\"><a class=\"wp-block-button__link has-primary-color has-text-color wp-element-button\" style=\"border-radius:20px;padding-top:0px;padding-right:30px;padding-bottom:0px;padding-left:30px\"><strong>M\u00e1s<\/strong><\/a><\/div>\n<\/div>\n<\/div>\n<\/div>\n<\/div>\n<\/div>\n\n\n\n<div class=\"wp-block-columns justify-content-between is-layout-flex wp-container-42\">\n<div class=\"wp-block-column d-flex is-layout-flow\" style=\"flex-basis:33.33%\">\n<div class=\"wp-block-group agencija-card is-vertical is-content-justification-center is-layout-flex wp-container-28\" style=\"padding-top:20px\">\n<div class=\"wp-block-group image-wrapper is-layout-constrained wp-container-24\" style=\"padding-top:0px;padding-right:0px;padding-bottom:13px;padding-left:0px\">\n<figure class=\"wp-block-image size-full\"><img decoding=\"async\" loading=\"lazy\" width=\"640\" height=\"580\" src=\"https:\/\/www.loka.si\/wp-content\/uploads\/2022\/08\/izlet-lipica-WEBP.webp\" alt=\"\" class=\"wp-image-4509\" srcset=\"https:\/\/www.loka.si\/wp-content\/uploads\/2022\/08\/izlet-lipica-WEBP.webp 640w, https:\/\/www.loka.si\/wp-content\/uploads\/2022\/08\/izlet-lipica-WEBP-300x272.webp 300w\" sizes=\"(max-width: 640px) 100vw, 640px\" \/><\/figure>\n<\/div>\n\n\n\n<h3 class=\"wp-block-heading has-text-align-center has-primary-color has-text-color\">Cueva Postojna &#8211; Lipica &#8211; Piran<\/h3>\n\n\n\n<div class=\"wp-block-group agencija-card-p is-layout-flow\" style=\"padding-right:50px;padding-left:50px\">\n<p class=\"has-text-align-center has-primary-color has-text-color\">\u0160kofja Loka \u2013 Postojna: 70 km + Piran: 75 km<\/p>\n<\/div>\n\n\n\n<p class=\"has-text-align-center agencija-card-hidden has-primary-color has-text-color\" style=\"font-style:normal;font-weight:300\"><a href=\"https:\/\/www.postojnska-jama.eu\/es\/\" target=\"_blank\" rel=\"noreferrer noopener\"><strong>La cueva de Postojna<\/strong><\/a> es la mayor cueva del Karst de Kras y la cueva espect\u00e1culo m\u00e1s visitada de Europa, con una tradici\u00f3n tur\u00edstica de doscientos a\u00f1os. <br>Gracia, elegancia y perfecci\u00f3n son las palabras que mejor describen la expresi\u00f3n motriz del Lipizzaner en <a href=\"https:\/\/www.lipica.org\/en\/\" target=\"_blank\" rel=\"noreferrer noopener\"><strong>Lipica.<\/strong><\/a><br><a href=\"https:\/\/www.portoroz.si\/en\/home\" target=\"_blank\" rel=\"noreferrer noopener\"><strong>Piran<\/strong><\/a> es el monumento cultural urbano mejor conservado de la Istria eslovena y el vecino m\u00e1s cercano de la ciudad de moda de Portoro\u017e. La imagen de Piran es reconocible en todo el mundo. La arquitectura de la ciudad debe ser vista y experimentada.  <\/p>\n\n\n\n<div class=\"wp-block-group button-wrapper mt-auto is-layout-flow\" style=\"padding-top:13px;padding-right:0px;padding-bottom:0px;padding-left:0px\">\n<div class=\"wp-block-buttons is-content-justification-left is-layout-flex wp-container-26\">\n<div class=\"wp-block-button has-custom-font-size is-style-outline has-medium-font-size\"><a class=\"wp-block-button__link has-primary-color has-text-color wp-element-button\" style=\"border-radius:20px;padding-top:0px;padding-right:30px;padding-bottom:0px;padding-left:30px\"><strong>M\u00e1s<\/strong><\/a><\/div>\n<\/div>\n<\/div>\n<\/div>\n<\/div>\n\n\n\n<div class=\"wp-block-column d-flex is-layout-flow\" style=\"flex-basis:33.33%\">\n<div class=\"wp-block-group agencija-card is-vertical is-content-justification-center is-layout-flex wp-container-34\" style=\"padding-top:20px\">\n<div class=\"wp-block-group image-wrapper is-layout-constrained wp-container-30\" style=\"padding-top:0px;padding-right:0px;padding-bottom:13px;padding-left:0px\">\n<figure class=\"wp-block-image size-full\"><img decoding=\"async\" loading=\"lazy\" width=\"640\" height=\"580\" src=\"https:\/\/www.loka.si\/wp-content\/uploads\/2022\/08\/izlet-logarska-dolina-WEBP.webp\" alt=\"\" class=\"wp-image-4531\" srcset=\"https:\/\/www.loka.si\/wp-content\/uploads\/2022\/08\/izlet-logarska-dolina-WEBP.webp 640w, https:\/\/www.loka.si\/wp-content\/uploads\/2022\/08\/izlet-logarska-dolina-WEBP-300x272.webp 300w\" sizes=\"(max-width: 640px) 100vw, 640px\" \/><\/figure>\n<\/div>\n\n\n\n<h3 class=\"wp-block-heading has-text-align-center has-primary-color has-text-color\">Valle Logar<\/h3>\n\n\n\n<div class=\"wp-block-group agencija-card-p is-layout-flow\" style=\"padding-right:50px;padding-left:50px\">\n<p class=\"has-text-align-center has-primary-color has-text-color\">\u0160kofja Loka \u2013 Valle Logar: 75 km<\/p>\n<\/div>\n\n\n\n<p class=\"has-text-align-center agencija-card-hidden has-primary-color has-text-color\" style=\"font-style:normal;font-weight:300\">El juego de la naturaleza ha creado <a href=\"https:\/\/www.logarska-dolina.si\/en\" target=\"_blank\" rel=\"noreferrer noopener\"><strong>el valle de Logar<\/strong><\/a> en el coraz\u00f3n de los Alpes de Savinja y lo ha rodeado de picos de m\u00e1s de 2000 metros de altura. El pintoresco paisaje, con sus numerosos atractivos naturales, resulta atractivo en cualquier \u00e9poca del a\u00f1o: En invierno puede montar en un trineo tirado por caballos, sobrevolarla en un parapente biplaza, escalar cascadas congeladas y un campo de entrenamiento artificial, o asistir a una competici\u00f3n.<\/p>\n\n\n\n<div class=\"wp-block-group button-wrapper mt-auto is-layout-flow\" style=\"padding-top:13px;padding-right:0px;padding-bottom:0px;padding-left:0px\">\n<div class=\"wp-block-buttons is-content-justification-left is-layout-flex wp-container-32\">\n<div class=\"wp-block-button has-custom-font-size is-style-outline has-medium-font-size\"><a class=\"wp-block-button__link has-primary-color has-text-color wp-element-button\" style=\"border-radius:20px;padding-top:0px;padding-right:30px;padding-bottom:0px;padding-left:30px\"><strong>M\u00e1s<\/strong><\/a><\/div>\n<\/div>\n<\/div>\n<\/div>\n<\/div>\n\n\n\n<div class=\"wp-block-column d-flex is-layout-flow\" style=\"flex-basis:33.33%\">\n<div class=\"wp-block-group agencija-card is-vertical is-content-justification-center is-layout-flex wp-container-40\" style=\"padding-top:20px\">\n<div class=\"wp-block-group image-wrapper is-layout-constrained wp-container-36\" style=\"padding-top:0px;padding-right:0px;padding-bottom:13px;padding-left:0px\">\n<figure class=\"wp-block-image size-full\"><img decoding=\"async\" loading=\"lazy\" width=\"640\" height=\"580\" src=\"https:\/\/www.loka.si\/wp-content\/uploads\/2022\/08\/izlet-velika-planina-WEBP.webp\" alt=\"\" class=\"wp-image-4538\" srcset=\"https:\/\/www.loka.si\/wp-content\/uploads\/2022\/08\/izlet-velika-planina-WEBP.webp 640w, https:\/\/www.loka.si\/wp-content\/uploads\/2022\/08\/izlet-velika-planina-WEBP-300x272.webp 300w\" sizes=\"(max-width: 640px) 100vw, 640px\" \/><\/figure>\n<\/div>\n\n\n\n<h3 class=\"wp-block-heading has-text-align-center has-primary-color has-text-color\">Kamnik &#8211; Velika Planina &#8211; Kranj<\/h3>\n\n\n\n<div class=\"wp-block-group agencija-card-p is-layout-flow\" style=\"padding-right:50px;padding-left:50px\">\n<p class=\"has-text-align-center has-primary-color has-text-color\">\u0160kofja Loka \u2013 Kamnik: 26 km + Kranj: 26 km<\/p>\n<\/div>\n\n\n\n<p class=\"has-text-align-center agencija-card-hidden triglav has-primary-color has-text-color\" style=\"font-style:normal;font-weight:300\"><a href=\"https:\/\/visitkamnik.com\/es\" target=\"_blank\" rel=\"noreferrer noopener\"><strong>Kamnik<\/strong><\/a>, es una animada ciudad medieval rodeada por los Alpes de Kamnik y Savinja. Cuenta con amplios espacios abiertos, una rica historia y tradici\u00f3n, y esconde muchas leyendas y tesoros secretos. <strong><a href=\"http:\/\/www.velikaplanina.si\/es\/\" target=\"_blank\" rel=\"noreferrer noopener\">Velika planina<\/a><\/strong> jes una meseta monta\u00f1osa, donde se encuentra uno de los asentamientos pastorales mejor conservados de Eslovenia. Tiene un paisaje variado con sumideros y cuencas k\u00e1rsticas. En la monta\u00f1a, la tradici\u00f3n lechera de los pastos (trni\u010di) sigue viva.  <br><a href=\"https:\/\/www.visitkranj.com\/en\" target=\"_blank\" rel=\"noreferrer noopener\"><strong>Kranj<\/strong><\/a> es una pintoresca ciudad situada en un macizo rocoso entre los r\u00edos de monta\u00f1a Sava y Kokra. El casco antiguo es rico en monumentos culturales e hist\u00f3ricos, por lo que est\u00e1 protegido como monumento cultural desde 1983. Grandes nombres eslovenos tambi\u00e9n contribuyeron al mosaico del desarrollo de la ciudad a trav\u00e9s de sus actividades, entre las que sin duda destaca France Pre\u0161eren.  <\/p>\n\n\n\n<div class=\"wp-block-group button-wrapper mt-auto is-layout-flow\" style=\"padding-top:13px;padding-right:0px;padding-bottom:0px;padding-left:0px\">\n<div class=\"wp-block-buttons is-content-justification-left is-layout-flex wp-container-38\">\n<div class=\"wp-block-button has-custom-font-size is-style-outline has-medium-font-size\"><a class=\"wp-block-button__link has-primary-color has-text-color wp-element-button\" style=\"border-radius:20px;padding-top:0px;padding-right:30px;padding-bottom:0px;padding-left:30px\"><strong>M\u00e1s<\/strong><\/a><\/div>\n<\/div>\n<\/div>\n<\/div>\n<\/div>\n<\/div>\n\n\n\n<div class=\"wp-block-columns justify-content-center is-layout-flex wp-container-49\">\n<div class=\"wp-block-column d-flex is-layout-flow\" style=\"flex-basis:29%\">\n<div class=\"wp-block-group agencija-card is-vertical is-content-justification-center is-layout-flex wp-container-47\" style=\"padding-top:20px\">\n<div class=\"wp-block-group image-wrapper is-layout-constrained wp-container-43\" style=\"padding-top:0px;padding-right:0px;padding-bottom:13px;padding-left:0px\">\n<figure class=\"wp-block-image size-full\"><img decoding=\"async\" loading=\"lazy\" width=\"640\" height=\"580\" src=\"https:\/\/www.loka.si\/wp-content\/uploads\/2022\/08\/izlet-ptuj-maribor-WEBP.webp\" alt=\"\" class=\"wp-image-4546\" srcset=\"https:\/\/www.loka.si\/wp-content\/uploads\/2022\/08\/izlet-ptuj-maribor-WEBP.webp 640w, https:\/\/www.loka.si\/wp-content\/uploads\/2022\/08\/izlet-ptuj-maribor-WEBP-300x272.webp 300w\" sizes=\"(max-width: 640px) 100vw, 640px\" \/><\/figure>\n<\/div>\n\n\n\n<h3 class=\"wp-block-heading has-text-align-center has-primary-color has-text-color\">Ptuj &#8211; Maribor<\/h3>\n\n\n\n<div class=\"wp-block-group agencija-card-p is-layout-flow\" style=\"padding-right:50px;padding-left:50px\">\n<p class=\"has-text-align-center has-primary-color has-text-color\">\u0160kofja Loka \u2013 Ptuj: 150 km + Maribor: 25 km<\/p>\n<\/div>\n\n\n\n<p class=\"has-text-align-center agencija-card-hidden triglav has-primary-color has-text-color\" style=\"font-style:normal;font-weight:300\"><strong><a href=\"https:\/\/www.ptuj.si\/objava\/353173\" target=\"_blank\" rel=\"noreferrer noopener\">Ptuj<\/a><\/strong> es una de las m\u00e1s bellas ciudades medievales, una ciudad con una rica oferta culinaria, una ciudad con bodegas y aguas termales. <br><a href=\"https:\/\/www.visitmaribor.si\/en\/\" target=\"_blank\" rel=\"noreferrer noopener\"><strong>Maribor<\/strong><\/a> es la segunda ciudad eslovena m\u00e1s grande, que ostent\u00f3 con orgullo el t\u00edtulo de Capital Europea de la Cultura en 2012. La ciudad est\u00e1 enclavada a lo largo del r\u00edo Drava en el abrazo de los verdes bosques de Pohorje y las pintorescas colinas de vino. <\/p>\n\n\n\n<div class=\"wp-block-group button-wrapper mt-auto is-layout-flow\" style=\"padding-top:13px;padding-right:0px;padding-bottom:0px;padding-left:0px\">\n<div class=\"wp-block-buttons is-content-justification-left is-layout-flex wp-container-45\">\n<div class=\"wp-block-button has-custom-font-size is-style-outline has-medium-font-size\"><a class=\"wp-block-button__link has-primary-color has-text-color wp-element-button\" style=\"border-radius:20px;padding-top:0px;padding-right:30px;padding-bottom:0px;padding-left:30px\"><strong>M\u00e1s<\/strong><\/a><\/div>\n<\/div>\n<\/div>\n<\/div>\n<\/div>\n<\/div>\n<\/div>\n\n\n\n<div style=\"height:100px\" aria-hidden=\"true\" class=\"wp-block-spacer\"><\/div>\n\n\n\n<div class=\"wp-block-group background-pages is-layout-flow wp-container-71\">\n<div class=\"wp-block-group container page-media-cards is-layout-flow\">\n<h2 class=\"wp-block-heading has-primary-color has-text-color\">Organizaci\u00f3n de viajes y excursiones al extranjero<\/h2>\n\n\n\n<p class=\"has-primary-color has-text-color\">Organizamos viajes y excursiones de un d\u00eda y de varios d\u00edas para grupos cerrados. Te recomendamos que visites los siguientes lugares encantadores: <\/p>\n\n\n\n<div style=\"height:50px\" aria-hidden=\"true\" class=\"wp-block-spacer\"><\/div>\n\n\n\n<div class=\"wp-block-columns justify-content-between is-layout-flex wp-container-69\">\n<div class=\"wp-block-column d-flex is-layout-flow\" style=\"flex-basis:33.33%\">\n<div class=\"wp-block-group agencija-card is-vertical is-content-justification-center is-layout-flex wp-container-55\" style=\"padding-top:20px\">\n<div class=\"wp-block-group image-wrapper is-layout-constrained wp-container-51\" style=\"padding-top:0px;padding-right:0px;padding-bottom:13px;padding-left:0px\">\n<figure class=\"wp-block-image size-full\"><img decoding=\"async\" loading=\"lazy\" width=\"320\" height=\"290\" src=\"https:\/\/www.loka.si\/wp-content\/uploads\/2022\/08\/portugalska-resized-320x290-2.jpg\" alt=\"\" class=\"wp-image-4568\" srcset=\"https:\/\/www.loka.si\/wp-content\/uploads\/2022\/08\/portugalska-resized-320x290-2.jpg 320w, https:\/\/www.loka.si\/wp-content\/uploads\/2022\/08\/portugalska-resized-320x290-2-300x272.jpg 300w\" sizes=\"(max-width: 320px) 100vw, 320px\" \/><\/figure>\n<\/div>\n\n\n\n<h3 class=\"wp-block-heading has-text-align-center has-primary-color has-text-color\">Portugal<\/h3>\n\n\n\n<div class=\"wp-block-group agencija-card-p is-layout-flow\" style=\"padding-right:50px;padding-left:50px\">\n<p class=\"has-text-align-center has-primary-color has-text-color\">El programa esta en preparacion<\/p>\n<\/div>\n\n\n\n<div class=\"wp-block-group button-wrapper mt-auto is-layout-flow\" style=\"padding-top:13px;padding-right:0px;padding-bottom:0px;padding-left:0px\">\n<div class=\"wp-block-buttons is-content-justification-left is-layout-flex wp-container-53\">\n<div class=\"wp-block-button has-custom-font-size is-style-outline has-medium-font-size\"><a class=\"wp-block-button__link has-primary-color has-text-color wp-element-button\" style=\"border-radius:20px;padding-top:0px;padding-right:30px;padding-bottom:0px;padding-left:30px\"><strong>M\u00e1s<\/strong><\/a><\/div>\n<\/div>\n<\/div>\n<\/div>\n<\/div>\n\n\n\n<div class=\"wp-block-column d-flex is-layout-flow\" style=\"flex-basis:33.33%\">\n<div class=\"wp-block-group agencija-card is-vertical is-content-justification-center is-layout-flex wp-container-61\" style=\"padding-top:20px\">\n<div class=\"wp-block-group image-wrapper is-layout-constrained wp-container-57\" style=\"padding-top:0px;padding-right:0px;padding-bottom:13px;padding-left:0px\">\n<figure class=\"wp-block-image size-full\"><img decoding=\"async\" loading=\"lazy\" width=\"320\" height=\"290\" src=\"https:\/\/www.loka.si\/wp-content\/uploads\/2022\/08\/barcelona-resized-320x290-2.jpg\" alt=\"\" class=\"wp-image-4554\" srcset=\"https:\/\/www.loka.si\/wp-content\/uploads\/2022\/08\/barcelona-resized-320x290-2.jpg 320w, https:\/\/www.loka.si\/wp-content\/uploads\/2022\/08\/barcelona-resized-320x290-2-300x272.jpg 300w\" sizes=\"(max-width: 320px) 100vw, 320px\" \/><\/figure>\n<\/div>\n\n\n\n<h3 class=\"wp-block-heading has-text-align-center has-primary-color has-text-color\">Barcelona<\/h3>\n\n\n\n<div class=\"wp-block-group agencija-card-p is-layout-flow\" style=\"padding-right:50px;padding-left:50px\">\n<p class=\"has-text-align-center has-primary-color has-text-color\">El programa esta en preparacion<\/p>\n<\/div>\n\n\n\n<div class=\"wp-block-group button-wrapper mt-auto is-layout-flow\" style=\"padding-top:13px;padding-right:0px;padding-bottom:0px;padding-left:0px\">\n<div class=\"wp-block-buttons is-content-justification-left is-layout-flex wp-container-59\">\n<div class=\"wp-block-button has-custom-font-size is-style-outline has-medium-font-size\"><a class=\"wp-block-button__link has-primary-color has-text-color wp-element-button\" style=\"border-radius:20px;padding-top:0px;padding-right:30px;padding-bottom:0px;padding-left:30px\"><strong>M\u00e1s<\/strong><\/a><\/div>\n<\/div>\n<\/div>\n<\/div>\n<\/div>\n\n\n\n<div class=\"wp-block-column d-flex is-layout-flow\" style=\"flex-basis:33.33%\">\n<div class=\"wp-block-group agencija-card is-vertical is-content-justification-center is-layout-flex wp-container-67\" style=\"padding-top:20px\">\n<div class=\"wp-block-group image-wrapper is-layout-constrained wp-container-63\" style=\"padding-top:0px;padding-right:0px;padding-bottom:13px;padding-left:0px\">\n<figure class=\"wp-block-image size-full\"><img decoding=\"async\" loading=\"lazy\" width=\"320\" height=\"290\" src=\"https:\/\/www.loka.si\/wp-content\/uploads\/2022\/08\/istanbul-resized-320x290-2.jpg\" alt=\"\" class=\"wp-image-4561\" srcset=\"https:\/\/www.loka.si\/wp-content\/uploads\/2022\/08\/istanbul-resized-320x290-2.jpg 320w, https:\/\/www.loka.si\/wp-content\/uploads\/2022\/08\/istanbul-resized-320x290-2-300x272.jpg 300w\" sizes=\"(max-width: 320px) 100vw, 320px\" \/><\/figure>\n<\/div>\n\n\n\n<h3 class=\"wp-block-heading has-text-align-center has-primary-color has-text-color\">Estanbul<\/h3>\n\n\n\n<div class=\"wp-block-group agencija-card-p is-layout-flow\" style=\"padding-right:50px;padding-left:50px\">\n<p class=\"has-text-align-center has-primary-color has-text-color\">El programa esta en preparacion<\/p>\n<\/div>\n\n\n\n<div class=\"wp-block-group button-wrapper mt-auto is-layout-flow\" style=\"padding-top:13px;padding-right:0px;padding-bottom:0px;padding-left:0px\">\n<div class=\"wp-block-buttons is-content-justification-left is-layout-flex wp-container-65\">\n<div class=\"wp-block-button has-custom-font-size is-style-outline has-medium-font-size\"><a class=\"wp-block-button__link has-primary-color has-text-color wp-element-button\" style=\"border-radius:20px;padding-top:0px;padding-right:30px;padding-bottom:0px;padding-left:30px\"><strong>M\u00e1s<\/strong><\/a><\/div>\n<\/div>\n<\/div>\n<\/div>\n<\/div>\n<\/div>\n\n\n\n<div style=\"height:300px\" aria-hidden=\"true\" class=\"wp-block-spacer\"><\/div>\n<\/div>\n<\/div>\n<\/div><\/div>\n<\/div>\n\n\n\n<div class=\"wp-block-group container contact-form is-layout-constrained wp-container-74\">\n<div class=\"wp-block-group is-layout-flow\">\n<h2 class=\"wp-block-heading m-auto\">Rellena el formulario y env\u00eda una solicitud de viaje<\/h2>\n\n\n\n<div class=\"wpcf7 no-js\" id=\"wpcf7-f6705-o1\" lang=\"sl-SI\" dir=\"ltr\">\n<div class=\"screen-reader-response\"><p role=\"status\" aria-live=\"polite\" aria-atomic=\"true\"><\/p> <ul><\/ul><\/div>\n<form action=\"\/es\/wp-json\/wp\/v2\/pages\/6803#wpcf7-f6705-o1\" method=\"post\" class=\"wpcf7-form init\" aria-label=\"Contact form\" novalidate=\"novalidate\" data-status=\"init\">\n<div style=\"display: none;\">\n<input type=\"hidden\" name=\"_wpcf7\" value=\"6705\" \/>\n<input type=\"hidden\" name=\"_wpcf7_version\" value=\"5.7.6\" \/>\n<input type=\"hidden\" name=\"_wpcf7_locale\" value=\"sl_SI\" \/>\n<input type=\"hidden\" name=\"_wpcf7_unit_tag\" value=\"wpcf7-f6705-o1\" \/>\n<input type=\"hidden\" name=\"_wpcf7_container_post\" value=\"0\" \/>\n<input type=\"hidden\" name=\"_wpcf7_posted_data_hash\" value=\"\" \/>\n<\/div>\n<p><span class=\"wpcf7-form-control-wrap\" data-name=\"your-name\"><input size=\"40\" class=\"wpcf7-form-control wpcf7-text wpcf7-validates-as-required\" aria-required=\"true\" aria-invalid=\"false\" placeholder=\"Nombre\" value=\"\" type=\"text\" name=\"your-name\" \/><\/span>\n<\/p>\n<p><span class=\"wpcf7-form-control-wrap\" data-name=\"your-surname\"><input size=\"40\" class=\"wpcf7-form-control wpcf7-text wpcf7-validates-as-required\" aria-required=\"true\" aria-invalid=\"false\" placeholder=\"Apellido\" value=\"\" type=\"text\" name=\"your-surname\" \/><\/span>\n<\/p>\n<p><span class=\"wpcf7-form-control-wrap\" data-name=\"address\"><input size=\"40\" class=\"wpcf7-form-control wpcf7-text wpcf7-validates-as-required\" aria-required=\"true\" aria-invalid=\"false\" placeholder=\"Direcci\u00f3n\" value=\"\" type=\"text\" name=\"address\" \/><\/span>\n<\/p>\n<div class=\"row\">\n\t<div class=\"col-sm-5 mb-3\">\n\t\t<p><span class=\"wpcf7-form-control-wrap\" data-name=\"post-number\"><input class=\"wpcf7-form-control wpcf7-number wpcf7-validates-as-required wpcf7-validates-as-number input-post-number\" aria-required=\"true\" aria-invalid=\"false\" placeholder=\"C\u00f3digo postal\" value=\"\" type=\"number\" name=\"post-number\" \/><\/span>\n\t\t<\/p>\n\t<\/div>\n\t<div class=\"col-sm-7 mb-3\">\n\t\t<p><span class=\"wpcf7-form-control-wrap\" data-name=\"city\"><input size=\"40\" class=\"wpcf7-form-control wpcf7-text wpcf7-validates-as-required input-city\" aria-required=\"true\" aria-invalid=\"false\" placeholder=\"Ciudad\" value=\"\" type=\"text\" name=\"city\" \/><\/span>\n\t\t<\/p>\n\t<\/div>\n<\/div>\n<p><span class=\"wpcf7-form-control-wrap\" data-name=\"email\"><input size=\"40\" class=\"wpcf7-form-control wpcf7-text wpcf7-email wpcf7-validates-as-required wpcf7-validates-as-email\" aria-required=\"true\" aria-invalid=\"false\" placeholder=\"Correo electr\u00f3nico\" value=\"\" type=\"email\" name=\"email\" \/><\/span>\n<\/p>\n<p><span class=\"wpcf7-form-control-wrap\" data-name=\"tel\"><input size=\"40\" class=\"wpcf7-form-control wpcf7-text wpcf7-tel wpcf7-validates-as-tel\" aria-invalid=\"false\" placeholder=\"Tel\u00e9fono\" value=\"\" type=\"tel\" name=\"tel\" \/><\/span>\n<\/p>\n<p><label class=\"mt-3\"> <span class=\"textarea-label\">Mensaje<\/span><br \/>\n<span class=\"wpcf7-form-control-wrap\" data-name=\"message\"><textarea cols=\"40\" rows=\"10\" class=\"wpcf7-form-control wpcf7-textarea wpcf7-validates-as-required\" aria-required=\"true\" aria-invalid=\"false\" name=\"message\"><\/textarea><\/span> <\/label>\n<\/p>\n<p><input class=\"wpcf7-form-control has-spinner wpcf7-submit\" type=\"submit\" value=\"Enviar solicitud\" \/>\n<\/p><div class=\"wpcf7-response-output\" aria-hidden=\"true\"><\/div>\n<\/form>\n<\/div>\n\n<\/div>\n<\/div>\n\n\n\n<div style=\"height:50px\" aria-hidden=\"true\" class=\"wp-block-spacer\"><\/div>\n\n\n\n<div style=\"height:0px\" aria-hidden=\"true\" class=\"wp-block-spacer\"><\/div>\n<\/div>\n","protected":false},"excerpt":{"rendered":"<p>AGENCIA Disfrute de la belleza natural de Eslovenia y realice viajes de aventura con la agencia de viajes Loka Organizamos [&hellip;]<\/p>\n","protected":false},"author":1,"featured_media":0,"parent":0,"menu_order":0,"comment_status":"closed","ping_status":"closed","template":"","meta":{"_eb_attr":""},"yoast_head":"<!-- This site is optimized with the Yoast SEO plugin v20.8 - https:\/\/yoast.com\/wordpress\/plugins\/seo\/ -->\n<title>Agencia - Turizem Loka<\/title>\n<meta name=\"robots\" content=\"index, follow, max-snippet:-1, max-image-preview:large, max-video-preview:-1\" \/>\n<link rel=\"canonical\" href=\"https:\/\/www.loka.si\/es\/agencia\/\" \/>\n<meta property=\"og:locale\" content=\"es_ES\" \/>\n<meta property=\"og:type\" content=\"article\" \/>\n<meta property=\"og:title\" content=\"Agencia - Turizem Loka\" \/>\n<meta property=\"og:description\" content=\"AGENCIA Disfrute de la belleza natural de Eslovenia y realice viajes de aventura con la agencia de viajes Loka Organizamos [&hellip;]\" \/>\n<meta property=\"og:url\" content=\"https:\/\/www.loka.si\/es\/agencia\/\" \/>\n<meta property=\"og:site_name\" content=\"Turizem Loka\" \/>\n<meta property=\"article:publisher\" content=\"https:\/\/www.facebook.com\/turizemloka\/\" \/>\n<meta property=\"article:modified_time\" content=\"2024-04-16T17:15:40+00:00\" \/>\n<meta property=\"og:image\" content=\"https:\/\/www.loka.si\/wp-content\/uploads\/2022\/08\/slika-banner-1.jpg\" \/>\n<meta name=\"twitter:card\" content=\"summary_large_image\" \/>\n<meta name=\"twitter:label1\" content=\"Tiempo de lectura\" \/>\n\t<meta name=\"twitter:data1\" content=\"9 minutos\" \/>\n<script type=\"application\/ld+json\" class=\"yoast-schema-graph\">{\"@context\":\"https:\/\/schema.org\",\"@graph\":[{\"@type\":\"WebPage\",\"@id\":\"https:\/\/www.loka.si\/es\/agencia\/\",\"url\":\"https:\/\/www.loka.si\/es\/agencia\/\",\"name\":\"Agencia - Turizem Loka\",\"isPartOf\":{\"@id\":\"https:\/\/www.loka.si\/es\/#website\"},\"datePublished\":\"2022-07-27T07:30:01+00:00\",\"dateModified\":\"2024-04-16T17:15:40+00:00\",\"breadcrumb\":{\"@id\":\"https:\/\/www.loka.si\/es\/agencia\/#breadcrumb\"},\"inLanguage\":\"es\",\"potentialAction\":[{\"@type\":\"ReadAction\",\"target\":[\"https:\/\/www.loka.si\/es\/agencia\/\"]}]},{\"@type\":\"BreadcrumbList\",\"@id\":\"https:\/\/www.loka.si\/es\/agencia\/#breadcrumb\",\"itemListElement\":[{\"@type\":\"ListItem\",\"position\":1,\"name\":\"Home\",\"item\":\"https:\/\/www.loka.si\/es\/\"},{\"@type\":\"ListItem\",\"position\":2,\"name\":\"Agencia\"}]},{\"@type\":\"WebSite\",\"@id\":\"https:\/\/www.loka.si\/es\/#website\",\"url\":\"https:\/\/www.loka.si\/es\/\",\"name\":\"Turizem Loka\",\"description\":\"\",\"publisher\":{\"@id\":\"https:\/\/www.loka.si\/es\/#organization\"},\"potentialAction\":[{\"@type\":\"SearchAction\",\"target\":{\"@type\":\"EntryPoint\",\"urlTemplate\":\"https:\/\/www.loka.si\/es\/?s={search_term_string}\"},\"query-input\":\"required name=search_term_string\"}],\"inLanguage\":\"es\"},{\"@type\":\"Organization\",\"@id\":\"https:\/\/www.loka.si\/es\/#organization\",\"name\":\"Turizem Loka\",\"url\":\"https:\/\/www.loka.si\/es\/\",\"logo\":{\"@type\":\"ImageObject\",\"inLanguage\":\"es\",\"@id\":\"https:\/\/www.loka.si\/es\/#\/schema\/logo\/image\/\",\"url\":\"https:\/\/www.loka.si\/wp-content\/uploads\/2022\/09\/Asset-1-2.webp\",\"contentUrl\":\"https:\/\/www.loka.si\/wp-content\/uploads\/2022\/09\/Asset-1-2.webp\",\"width\":500,\"height\":550,\"caption\":\"Turizem Loka\"},\"image\":{\"@id\":\"https:\/\/www.loka.si\/es\/#\/schema\/logo\/image\/\"},\"sameAs\":[\"https:\/\/www.facebook.com\/turizemloka\/\",\"https:\/\/www.instagram.com\/turizem_loka\/\"]}]}<\/script>\n<!-- \/ Yoast SEO plugin. -->","yoast_head_json":{"title":"Agencia - Turizem Loka","robots":{"index":"index","follow":"follow","max-snippet":"max-snippet:-1","max-image-preview":"max-image-preview:large","max-video-preview":"max-video-preview:-1"},"canonical":"https:\/\/www.loka.si\/es\/agencia\/","og_locale":"es_ES","og_type":"article","og_title":"Agencia - Turizem Loka","og_description":"AGENCIA Disfrute de la belleza natural de Eslovenia y realice viajes de aventura con la agencia de viajes Loka Organizamos [&hellip;]","og_url":"https:\/\/www.loka.si\/es\/agencia\/","og_site_name":"Turizem Loka","article_publisher":"https:\/\/www.facebook.com\/turizemloka\/","article_modified_time":"2024-04-16T17:15:40+00:00","og_image":[{"url":"https:\/\/www.loka.si\/wp-content\/uploads\/2022\/08\/slika-banner-1.jpg"}],"twitter_card":"summary_large_image","twitter_misc":{"Tiempo de lectura":"9 minutos"},"schema":{"@context":"https:\/\/schema.org","@graph":[{"@type":"WebPage","@id":"https:\/\/www.loka.si\/es\/agencia\/","url":"https:\/\/www.loka.si\/es\/agencia\/","name":"Agencia - Turizem Loka","isPartOf":{"@id":"https:\/\/www.loka.si\/es\/#website"},"datePublished":"2022-07-27T07:30:01+00:00","dateModified":"2024-04-16T17:15:40+00:00","breadcrumb":{"@id":"https:\/\/www.loka.si\/es\/agencia\/#breadcrumb"},"inLanguage":"es","potentialAction":[{"@type":"ReadAction","target":["https:\/\/www.loka.si\/es\/agencia\/"]}]},{"@type":"BreadcrumbList","@id":"https:\/\/www.loka.si\/es\/agencia\/#breadcrumb","itemListElement":[{"@type":"ListItem","position":1,"name":"Home","item":"https:\/\/www.loka.si\/es\/"},{"@type":"ListItem","position":2,"name":"Agencia"}]},{"@type":"WebSite","@id":"https:\/\/www.loka.si\/es\/#website","url":"https:\/\/www.loka.si\/es\/","name":"Turizem Loka","description":"","publisher":{"@id":"https:\/\/www.loka.si\/es\/#organization"},"potentialAction":[{"@type":"SearchAction","target":{"@type":"EntryPoint","urlTemplate":"https:\/\/www.loka.si\/es\/?s={search_term_string}"},"query-input":"required name=search_term_string"}],"inLanguage":"es"},{"@type":"Organization","@id":"https:\/\/www.loka.si\/es\/#organization","name":"Turizem Loka","url":"https:\/\/www.loka.si\/es\/","logo":{"@type":"ImageObject","inLanguage":"es","@id":"https:\/\/www.loka.si\/es\/#\/schema\/logo\/image\/","url":"https:\/\/www.loka.si\/wp-content\/uploads\/2022\/09\/Asset-1-2.webp","contentUrl":"https:\/\/www.loka.si\/wp-content\/uploads\/2022\/09\/Asset-1-2.webp","width":500,"height":550,"caption":"Turizem Loka"},"image":{"@id":"https:\/\/www.loka.si\/es\/#\/schema\/logo\/image\/"},"sameAs":["https:\/\/www.facebook.com\/turizemloka\/","https:\/\/www.instagram.com\/turizem_loka\/"]}]}},"_links":{"self":[{"href":"https:\/\/www.loka.si\/es\/wp-json\/wp\/v2\/pages\/6803"}],"collection":[{"href":"https:\/\/www.loka.si\/es\/wp-json\/wp\/v2\/pages"}],"about":[{"href":"https:\/\/www.loka.si\/es\/wp-json\/wp\/v2\/types\/page"}],"author":[{"embeddable":true,"href":"https:\/\/www.loka.si\/es\/wp-json\/wp\/v2\/users\/1"}],"replies":[{"embeddable":true,"href":"https:\/\/www.loka.si\/es\/wp-json\/wp\/v2\/comments?post=6803"}],"version-history":[{"count":14,"href":"https:\/\/www.loka.si\/es\/wp-json\/wp\/v2\/pages\/6803\/revisions"}],"predecessor-version":[{"id":10817,"href":"https:\/\/www.loka.si\/es\/wp-json\/wp\/v2\/pages\/6803\/revisions\/10817"}],"wp:attachment":[{"href":"https:\/\/www.loka.si\/es\/wp-json\/wp\/v2\/media?parent=6803"}],"curies":[{"name":"wp","href":"https:\/\/api.w.org\/{rel}","templated":true}]}}